{"id":2884,"date":"2023-09-28T16:32:39","date_gmt":"2023-09-28T14:32:39","guid":{"rendered":"https:\/\/e-mobiliteit.lu\/accueil\/"},"modified":"2024-02-23T11:42:26","modified_gmt":"2024-02-23T10:42:26","slug":"accueil","status":"publish","type":"page","link":"https:\/\/e-mobiliteit.lu\/fr\/","title":{"rendered":"Accueil"},"content":{"rendered":"<p>[et_pb_section fb_built=\u00a0\u00bb1&Prime; _builder_version=\u00a0\u00bb4.22.2&Prime; background_image=\u00a0\u00bbhttps:\/\/e-mobiliteit.lu\/wp-content\/uploads\/2023\/09\/Sce-E-mobiliteit-hero.jpg\u00a0\u00bb parallax=\u00a0\u00bbon\u00a0\u00bb global_colors_info=\u00a0\u00bb{}\u00a0\u00bb][et_pb_row column_structure=\u00a0\u00bb1_2,1_2&Prime; _builder_version=\u00a0\u00bb4.22.2&Prime; _module_preset=\u00a0\u00bbdefault\u00a0\u00bb global_colors_info=\u00a0\u00bb{}\u00a0\u00bb][et_pb_column type=\u00a0\u00bb1_2&Prime; _builder_version=\u00a0\u00bb4.22.2&Prime; _module_preset=\u00a0\u00bbdefault\u00a0\u00bb background_color=\u00a0\u00bb#FFFFFF\u00a0\u00bb global_colors_info=\u00a0\u00bb{}\u00a0\u00bb][et_pb_text _builder_version=\u00a0\u00bb4.22.2&Prime; _module_preset=\u00a0\u00bbdefault\u00a0\u00bb text_font=\u00a0\u00bbPoppins||||||||\u00a0\u00bb text_text_color=\u00a0\u00bb#278bc2&Prime; text_font_size=\u00a0\u00bb40px\u00a0\u00bb text_line_height=\u00a0\u00bb1.2em\u00a0\u00bb header_font=\u00a0\u00bbPoppins|600|||||||\u00a0\u00bb header_text_color=\u00a0\u00bb#278bc2&Prime; header_font_size=\u00a0\u00bb2.2vw\u00a0\u00bb custom_padding=\u00a0\u00bb20px|20px|0px|20px|false|true\u00a0\u00bb header_font_size_tablet=\u00a0\u00bb5.5vw\u00a0\u00bb header_font_size_phone=\u00a0\u00bb6vw\u00a0\u00bb header_font_size_last_edited=\u00a0\u00bbon|phone\u00a0\u00bb global_colors_info=\u00a0\u00bb{}\u00a0\u00bb]<\/p>\n<h1>Des solutions d&rsquo;\u00e9lectromobilit\u00e9 pour tous<\/h1>\n<p>[\/et_pb_text][et_pb_text _builder_version=\u00a0\u00bb4.22.2&Prime; _module_preset=\u00a0\u00bbdefault\u00a0\u00bb text_font=\u00a0\u00bbPoppins||||||||\u00a0\u00bb text_text_color=\u00a0\u00bb#154377&Prime; text_font_size=\u00a0\u00bb17px\u00a0\u00bb text_line_height=\u00a0\u00bb1.5em\u00a0\u00bb use_background_color_gradient=\u00a0\u00bbon\u00a0\u00bb background_color_gradient_stops=\u00a0\u00bbrgba(255,255,255,0) 0%|rgba(255,255,255,0.43) 100%\u00a0\u00bb custom_padding=\u00a0\u00bb0px|20px|20px|20px|false|true\u00a0\u00bb hover_enabled=\u00a0\u00bb0&Prime; global_colors_info=\u00a0\u00bb{}\u00a0\u00bb sticky_enabled=\u00a0\u00bb0&Prime;]<\/p>\n<p>Chez <span>SCE S\u00e0rl Electrical Energy, Projects &amp; Solutions<\/span>, nous mettons en \u0153uvre des projets d&rsquo;infrastructures de recharge s\u00fbrs, durables et ambitieux. Nous vous fournissons tous les produits et services n\u00e9cessaires \u00e0 la mise en place et \u00e0 l&rsquo;exploitation r\u00e9ussies de l&rsquo;e-mobilit\u00e9. De la distribution secondaire au syst\u00e8me de distribution sur rail. De la Wallbox accessible pour la maison individuelle \u00e0 la colonne de recharge conforme \u00e0 la l\u00e9gislation. Mise en service, facturation via un backend et maintenance &#8211; le tout par un seul et m\u00eame fournisseur.<\/p>\n<p>[\/et_pb_text][\/et_pb_column][et_pb_column type=\u00a0\u00bb1_2&Prime; _builder_version=\u00a0\u00bb4.22.2&Prime; _module_preset=\u00a0\u00bbdefault\u00a0\u00bb global_colors_info=\u00a0\u00bb{}\u00a0\u00bb][\/et_pb_column][\/et_pb_row][\/et_pb_section][et_pb_section fb_built=\u00a0\u00bb1&Prime; _builder_version=\u00a0\u00bb4.22.2&Prime; _module_preset=\u00a0\u00bbdefault\u00a0\u00bb global_colors_info=\u00a0\u00bb{}\u00a0\u00bb][et_pb_row _builder_version=\u00a0\u00bb4.22.2&Prime; _module_preset=\u00a0\u00bbdefault\u00a0\u00bb global_colors_info=\u00a0\u00bb{}\u00a0\u00bb][et_pb_column type=\u00a0\u00bb4_4&Prime; _builder_version=\u00a0\u00bb4.22.2&Prime; _module_preset=\u00a0\u00bbdefault\u00a0\u00bb global_colors_info=\u00a0\u00bb{}\u00a0\u00bb][et_pb_text _builder_version=\u00a0\u00bb4.22.2&Prime; _module_preset=\u00a0\u00bbdefault\u00a0\u00bb text_font=\u00a0\u00bbPoppins||||||||\u00a0\u00bb text_font_size=\u00a0\u00bb16px\u00a0\u00bb hover_enabled=\u00a0\u00bb0&Prime; global_colors_info=\u00a0\u00bb{}\u00a0\u00bb sticky_enabled=\u00a0\u00bb0&Prime;]<\/p>\n<p>Nous, la soci\u00e9t\u00e9 SCE S\u00e0rl, sommes partenaire officiel EcoXpert Master pour les Power Services de la soci\u00e9t\u00e9 Schneider Electric. Une v\u00e9ritable collaboration directe entre la soci\u00e9t\u00e9 SCE et Schneider Electric, sans interm\u00e9diaire, ce qui pr\u00e9sente des avantages pour nos clients :<\/p>\n<p>&nbsp;<\/p>\n<ul>\n<li>Pas de frais suppl\u00e9mentaires occasionn\u00e9s par un interm\u00e9diaire.<\/li>\n<li>formation constante sur les produits<\/li>\n<li>un d\u00e9pannage garanti et rapide<\/li>\n<li>Pas de partenaire d&rsquo;installation. Un seul fournisseur.<\/li>\n<\/ul>\n<p>[\/et_pb_text][\/et_pb_column][\/et_pb_row][\/et_pb_section][et_pb_section fb_built=\u00a0\u00bb1&Prime; _builder_version=\u00a0\u00bb4.22.2&Prime; _module_preset=\u00a0\u00bbdefault\u00a0\u00bb custom_margin=\u00a0\u00bb0px||||false|false\u00a0\u00bb custom_padding=\u00a0\u00bb3px|||||\u00a0\u00bb global_colors_info=\u00a0\u00bb{}\u00a0\u00bb][et_pb_row _builder_version=\u00a0\u00bb4.22.2&Prime; _module_preset=\u00a0\u00bbdefault\u00a0\u00bb global_colors_info=\u00a0\u00bb{}\u00a0\u00bb][et_pb_column type=\u00a0\u00bb4_4&Prime; _builder_version=\u00a0\u00bb4.22.2&Prime; _module_preset=\u00a0\u00bbdefault\u00a0\u00bb global_colors_info=\u00a0\u00bb{}\u00a0\u00bb][et_pb_text _builder_version=\u00a0\u00bb4.22.2&Prime; _module_preset=\u00a0\u00bbdefault\u00a0\u00bb text_font=\u00a0\u00bbPoppins|600|||||||\u00a0\u00bb text_text_color=\u00a0\u00bb#154377&Prime; text_font_size=\u00a0\u00bb25px\u00a0\u00bb header_2_font=\u00a0\u00bbPoppins|600|||||||\u00a0\u00bb header_2_text_color=\u00a0\u00bb#154377&Prime; header_2_font_size=\u00a0\u00bb30px\u00a0\u00bb global_colors_info=\u00a0\u00bb{}\u00a0\u00bb]<\/p>\n<h2>R\u00e9ussir dans l&rsquo;\u00e9lectromobilit\u00e9 gr\u00e2ce \u00e0 une approche globale<\/h2>\n<p>[\/et_pb_text][et_pb_text _builder_version=\u00a0\u00bb4.22.2&Prime; _module_preset=\u00a0\u00bbdefault\u00a0\u00bb text_font=\u00a0\u00bbPoppins||||||||\u00a0\u00bb text_font_size=\u00a0\u00bb16px\u00a0\u00bb global_colors_info=\u00a0\u00bb{}\u00a0\u00bb]<\/p>\n<p>Le succ\u00e8s de l&rsquo;\u00e9lectromobilit\u00e9 est \u00e9troitement li\u00e9 au d\u00e9veloppement de l&rsquo;infrastructure de recharge. Pour nos clients, nous d\u00e9veloppons des concepts conformes aux normes et orient\u00e9s vers les besoins. Nous aidons \u00e0 planifier, \u00e0 mettre en \u0153uvre et \u00e0 exploiter l&rsquo;infrastructure de recharge de mani\u00e8re proactive. L&rsquo;approche globale aide nos clients \u00e0 atteindre leurs objectifs de durabilit\u00e9 et \u00e0 utiliser l&rsquo;\u00e9lectromobilit\u00e9 de mani\u00e8re optimale.<\/p>\n<p>[\/et_pb_text][\/et_pb_column][\/et_pb_row][\/et_pb_section][et_pb_section fb_built=\u00a0\u00bb1&Prime; _builder_version=\u00a0\u00bb4.22.2&Prime; _module_preset=\u00a0\u00bbdefault\u00a0\u00bb background_color=\u00a0\u00bb#154377&Prime; global_colors_info=\u00a0\u00bb{}\u00a0\u00bb][et_pb_row _builder_version=\u00a0\u00bb4.22.2&Prime; _module_preset=\u00a0\u00bbdefault\u00a0\u00bb global_colors_info=\u00a0\u00bb{}\u00a0\u00bb][et_pb_column type=\u00a0\u00bb4_4&Prime; _builder_version=\u00a0\u00bb4.22.2&Prime; _module_preset=\u00a0\u00bbdefault\u00a0\u00bb global_colors_info=\u00a0\u00bb{}\u00a0\u00bb][et_pb_text _builder_version=\u00a0\u00bb4.22.2&Prime; _module_preset=\u00a0\u00bbdefault\u00a0\u00bb text_font=\u00a0\u00bbPoppins|600|||||||\u00a0\u00bb text_text_color=\u00a0\u00bb#FFFFFF\u00a0\u00bb text_font_size=\u00a0\u00bb25px\u00a0\u00bb header_2_font=\u00a0\u00bbPoppins|600|||||||\u00a0\u00bb header_2_text_color=\u00a0\u00bb#FFFFFF\u00a0\u00bb header_2_font_size=\u00a0\u00bb30px\u00a0\u00bb global_colors_info=\u00a0\u00bb{}\u00a0\u00bb]<\/p>\n<h2>Notre service<\/h2>\n<p>[\/et_pb_text][et_pb_text _builder_version=\u00a0\u00bb4.22.2&Prime; _module_preset=\u00a0\u00bbdefault\u00a0\u00bb text_font=\u00a0\u00bbPoppins||||||||\u00a0\u00bb text_text_color=\u00a0\u00bb#FFFFFF\u00a0\u00bb text_font_size=\u00a0\u00bb16px\u00a0\u00bb global_colors_info=\u00a0\u00bb{}\u00a0\u00bb]<\/p>\n<p>Vous avez besoin d&rsquo;un interlocuteur comp\u00e9tent qui vous assiste dans toutes les situations. Vous \u00eates au bon endroit. Notre ensemble de services comprend<\/p>\n<p>[\/et_pb_text][et_pb_text _builder_version=\u00a0\u00bb4.22.2&Prime; _module_preset=\u00a0\u00bbdefault\u00a0\u00bb text_font=\u00a0\u00bbPoppins||||||||\u00a0\u00bb text_text_color=\u00a0\u00bb#FFFFFF\u00a0\u00bb text_font_size=\u00a0\u00bb16px\u00a0\u00bb custom_margin=\u00a0\u00bb|||20px|false|false\u00a0\u00bb global_colors_info=\u00a0\u00bb{}\u00a0\u00bb]<\/p>\n<ul>\n<li>Conseil : nous vous conseillons gratuitement pour d\u00e9terminer vos besoins<\/li>\n<li>Homecheck : notre technicien form\u00e9 se rend chez vous pour v\u00e9rifier les conditions sur place.<\/li>\n<li>Installation : nos \u00e9lectriciens form\u00e9s effectuent l&rsquo;installation et la mise en service \u00e0 votre domicile.<\/li>\n<li>Formation : \u00e0 la fin de la mise en service, vous recevrez une formation sur la mani\u00e8re d&rsquo;utiliser la station de recharge.<\/li>\n<li>Entretien : notre personnel est \u00e0 votre disposition pour toute r\u00e9paration ou entretien pendant la dur\u00e9e de la garantie.<\/li>\n<li>Administratif : Nous \u00e9tablissons pour vous toutes les demandes afin de recevoir les subventions auxquelles vous avez droit.<\/li>\n<\/ul>\n<p>[\/et_pb_text][\/et_pb_column][\/et_pb_row][\/et_pb_section][et_pb_section fb_built=\u00a0\u00bb1&Prime; _builder_version=\u00a0\u00bb4.22.2&Prime; _module_preset=\u00a0\u00bbdefault\u00a0\u00bb global_module=\u00a0\u00bb2696&Prime; saved_tabs=\u00a0\u00bball\u00a0\u00bb global_colors_info=\u00a0\u00bb{}\u00a0\u00bb][et_pb_row _builder_version=\u00a0\u00bb4.22.2&Prime; _module_preset=\u00a0\u00bbdefault\u00a0\u00bb global_colors_info=\u00a0\u00bb{}\u00a0\u00bb][et_pb_column type=\u00a0\u00bb4_4&Prime; _builder_version=\u00a0\u00bb4.22.2&Prime; _module_preset=\u00a0\u00bbdefault\u00a0\u00bb global_colors_info=\u00a0\u00bb{}\u00a0\u00bb][et_pb_text _builder_version=\u00a0\u00bb4.22.2&Prime; _module_preset=\u00a0\u00bbdefault\u00a0\u00bb text_font=\u00a0\u00bbPoppins|600|||||||\u00a0\u00bb text_text_color=\u00a0\u00bb#154377&Prime; text_font_size=\u00a0\u00bb25px\u00a0\u00bb global_colors_info=\u00a0\u00bb{}\u00a0\u00bb]<\/p>\n<p style=\"text-align: center;\">Nos solutions :<\/p>\n<p>[\/et_pb_text][\/et_pb_column][\/et_pb_row][et_pb_row column_structure=\u00a0\u00bb1_2,1_2&Prime; make_equal=\u00a0\u00bbon\u00a0\u00bb _builder_version=\u00a0\u00bb4.22.2&Prime; _module_preset=\u00a0\u00bbdefault\u00a0\u00bb width=\u00a0\u00bb90%\u00a0\u00bb width_tablet=\u00a0\u00bb90%\u00a0\u00bb width_phone=\u00a0\u00bb\u00a0\u00bb width_last_edited=\u00a0\u00bbon|tablet\u00a0\u00bb max_width=\u00a0\u00bb70%\u00a0\u00bb max_width_tablet=\u00a0\u00bb80%\u00a0\u00bb max_width_phone=\u00a0\u00bb\u00a0\u00bb max_width_last_edited=\u00a0\u00bbon|phone\u00a0\u00bb global_colors_info=\u00a0\u00bb{}\u00a0\u00bb][et_pb_column type=\u00a0\u00bb1_2&Prime; _builder_version=\u00a0\u00bb4.22.2&Prime; _module_preset=\u00a0\u00bbdefault\u00a0\u00bb use_background_color_gradient=\u00a0\u00bbon\u00a0\u00bb background_color_gradient_stops=\u00a0\u00bbrgba(0,0,0,0.6) 0%|rgba(0,0,0,0.7) 100%\u00a0\u00bb background_color_gradient_overlays_image=\u00a0\u00bbon\u00a0\u00bb background_image=\u00a0\u00bbhttps:\/\/e-mobiliteit.lu\/wp-content\/uploads\/2023\/09\/Sce-E-mobiliteit-menu-Tiefgarage.jpg\u00a0\u00bb custom_padding=\u00a0\u00bb20px|20px|20px|20px|true|true\u00a0\u00bb border_radii=\u00a0\u00bbon|10px|10px|10px|10px\u00a0\u00bb global_colors_info=\u00a0\u00bb{}\u00a0\u00bb][et_pb_text _builder_version=\u00a0\u00bb4.22.2&Prime; _module_preset=\u00a0\u00bbdefault\u00a0\u00bb text_font=\u00a0\u00bbPoppins||||||||\u00a0\u00bb text_text_color=\u00a0\u00bb#278bc2&Prime; text_font_size=\u00a0\u00bb20px\u00a0\u00bb header_3_font=\u00a0\u00bbPoppins||||||||\u00a0\u00bb header_3_text_color=\u00a0\u00bb#278bc2&Prime; global_colors_info=\u00a0\u00bb{}\u00a0\u00bb]<\/p>\n<h3>Recharge dans un parking souterrain<\/h3>\n<p>[\/et_pb_text][et_pb_text _builder_version=\u00a0\u00bb4.22.2&Prime; _module_preset=\u00a0\u00bbdefault\u00a0\u00bb text_font=\u00a0\u00bbPoppins||||||||\u00a0\u00bb text_text_color=\u00a0\u00bb#FFFFFF\u00a0\u00bb text_font_size=\u00a0\u00bb17px\u00a0\u00bb global_colors_info=\u00a0\u00bb{}\u00a0\u00bb]<\/p>\n<p>L&rsquo;espace de stationnement devient de plus en plus pr\u00e9cieux. En milieu urbain, le parking souterrain joue un r\u00f4le cl\u00e9. Y compris pour l&rsquo;\u00e9lectromobilit\u00e9. Nous r\u00e9alisons pour vous des projets complexes d&rsquo;infrastructure de recharge dans les parkings souterrains.<\/p>\n<p>[\/et_pb_text][et_pb_button button_url=\u00a0\u00bb@ET-DC@eyJkeW5hbWljIjp0cnVlLCJjb250ZW50IjoicG9zdF9saW5rX3VybF9wYWdlIiwic2V0dGluZ3MiOnsicG9zdF9pZCI6IjI0NzIifX0=@\u00a0\u00bb button_text=\u00a0\u00bbEn savoir plus\u00a0\u00bb _builder_version=\u00a0\u00bb4.22.2&Prime; _dynamic_attributes=\u00a0\u00bbbutton_url\u00a0\u00bb _module_preset=\u00a0\u00bbdefault\u00a0\u00bb custom_button=\u00a0\u00bbon\u00a0\u00bb button_text_color=\u00a0\u00bb#278bc2&Prime; button_border_width=\u00a0\u00bb0px\u00a0\u00bb button_font=\u00a0\u00bbPoppins||||||||\u00a0\u00bb button_icon=\u00a0\u00bb&#x45;||divi||400&Prime; button_on_hover=\u00a0\u00bboff\u00a0\u00bb global_colors_info=\u00a0\u00bb{}\u00a0\u00bb button_bg_color__hover_enabled=\u00a0\u00bbon|hover\u00a0\u00bb button_bg_color__hover=\u00a0\u00bbRGBA(255,255,255,0)\u00a0\u00bb button_bg_enable_color__hover=\u00a0\u00bbon\u00a0\u00bb][\/et_pb_button][\/et_pb_column][et_pb_column type=\u00a0\u00bb1_2&Prime; _builder_version=\u00a0\u00bb4.22.2&Prime; _module_preset=\u00a0\u00bbdefault\u00a0\u00bb use_background_color_gradient=\u00a0\u00bbon\u00a0\u00bb background_color_gradient_stops=\u00a0\u00bbrgba(0,0,0,0.6) 0%|rgba(0,0,0,0.7) 100%\u00a0\u00bb background_color_gradient_overlays_image=\u00a0\u00bbon\u00a0\u00bb background_image=\u00a0\u00bbhttps:\/\/e-mobiliteit.lu\/wp-content\/uploads\/2023\/09\/Sce-E-mobiliteit-menu-Firmenfuhrparks.jpg\u00a0\u00bb custom_padding=\u00a0\u00bb20px|20px|20px|20px|true|true\u00a0\u00bb border_radii=\u00a0\u00bbon|10px|10px|10px|10px\u00a0\u00bb global_colors_info=\u00a0\u00bb{}\u00a0\u00bb][et_pb_text _builder_version=\u00a0\u00bb4.22.2&Prime; _module_preset=\u00a0\u00bbdefault\u00a0\u00bb text_font=\u00a0\u00bbPoppins||||||||\u00a0\u00bb text_text_color=\u00a0\u00bb#278bc2&Prime; text_font_size=\u00a0\u00bb20px\u00a0\u00bb header_3_font=\u00a0\u00bbPoppins||||||||\u00a0\u00bb header_3_text_color=\u00a0\u00bb#278bc2&Prime; global_colors_info=\u00a0\u00bb{}\u00a0\u00bb]<\/p>\n<h3>\u00c9lectrification des flottes de v\u00e9hicules \/ parcs de v\u00e9hicules d&rsquo;entreprise<\/h3>\n<p>[\/et_pb_text][et_pb_text _builder_version=\u00a0\u00bb4.22.2&Prime; _module_preset=\u00a0\u00bbdefault\u00a0\u00bb text_font=\u00a0\u00bbPoppins||||||||\u00a0\u00bb text_text_color=\u00a0\u00bb#FFFFFF\u00a0\u00bb text_font_size=\u00a0\u00bb17px\u00a0\u00bb global_colors_info=\u00a0\u00bb{}\u00a0\u00bb]<\/p>\n<p>La conversion du parc automobile de l&rsquo;entreprise en v\u00e9hicules enti\u00e8rement \u00e9lectriques pr\u00e9sente plusieurs avantages. Atteignez vos objectifs de durabilit\u00e9 tout en r\u00e9duisant vos co\u00fbts, y compris en profitant des programmes de soutien gouvernementaux.<\/p>\n<p>[\/et_pb_text][et_pb_button button_url=\u00a0\u00bb@ET-DC@eyJkeW5hbWljIjp0cnVlLCJjb250ZW50IjoicG9zdF9saW5rX3VybF9wYWdlIiwic2V0dGluZ3MiOnsicG9zdF9pZCI6IjQ2In19@\u00a0\u00bb button_text=\u00a0\u00bbEn savoir plus\u00a0\u00bb _builder_version=\u00a0\u00bb4.22.2&Prime; _dynamic_attributes=\u00a0\u00bbbutton_url\u00a0\u00bb _module_preset=\u00a0\u00bbdefault\u00a0\u00bb custom_button=\u00a0\u00bbon\u00a0\u00bb button_text_color=\u00a0\u00bb#278bc2&Prime; button_border_width=\u00a0\u00bb0px\u00a0\u00bb button_font=\u00a0\u00bbPoppins||||||||\u00a0\u00bb button_icon=\u00a0\u00bb&#x45;||divi||400&Prime; button_on_hover=\u00a0\u00bboff\u00a0\u00bb global_colors_info=\u00a0\u00bb{}\u00a0\u00bb button_bg_color__hover_enabled=\u00a0\u00bbon|hover\u00a0\u00bb button_bg_color__hover=\u00a0\u00bbRGBA(255,255,255,0)\u00a0\u00bb button_bg_enable_color__hover=\u00a0\u00bbon\u00a0\u00bb][\/et_pb_button][\/et_pb_column][\/et_pb_row][et_pb_row column_structure=\u00a0\u00bb1_2,1_2&Prime; make_equal=\u00a0\u00bbon\u00a0\u00bb _builder_version=\u00a0\u00bb4.22.2&Prime; _module_preset=\u00a0\u00bbdefault\u00a0\u00bb width=\u00a0\u00bb90%\u00a0\u00bb width_tablet=\u00a0\u00bb90%\u00a0\u00bb width_phone=\u00a0\u00bb\u00a0\u00bb width_last_edited=\u00a0\u00bbon|tablet\u00a0\u00bb max_width=\u00a0\u00bb70%\u00a0\u00bb max_width_tablet=\u00a0\u00bb80%\u00a0\u00bb max_width_phone=\u00a0\u00bb\u00a0\u00bb max_width_last_edited=\u00a0\u00bbon|phone\u00a0\u00bb custom_margin=\u00a0\u00bb0px||||false|false\u00a0\u00bb custom_padding=\u00a0\u00bb0px||||false|false\u00a0\u00bb global_colors_info=\u00a0\u00bb{}\u00a0\u00bb][et_pb_column type=\u00a0\u00bb1_2&Prime; _builder_version=\u00a0\u00bb4.22.2&Prime; _module_preset=\u00a0\u00bbdefault\u00a0\u00bb use_background_color_gradient=\u00a0\u00bbon\u00a0\u00bb background_color_gradient_stops=\u00a0\u00bbrgba(0,0,0,0.6) 0%|rgba(0,0,0,0.7) 100%\u00a0\u00bb background_color_gradient_overlays_image=\u00a0\u00bbon\u00a0\u00bb background_image=\u00a0\u00bbhttps:\/\/e-mobiliteit.lu\/wp-content\/uploads\/2023\/09\/Sce-E-mobiliteit-menu-Gebaude-laden.jpg\u00a0\u00bb custom_padding=\u00a0\u00bb20px|20px|20px|20px|true|true\u00a0\u00bb border_radii=\u00a0\u00bbon|10px|10px|10px|10px\u00a0\u00bb global_colors_info=\u00a0\u00bb{}\u00a0\u00bb][et_pb_text _builder_version=\u00a0\u00bb4.22.2&Prime; _module_preset=\u00a0\u00bbdefault\u00a0\u00bb text_font=\u00a0\u00bbPoppins||||||||\u00a0\u00bb text_text_color=\u00a0\u00bb#278bc2&Prime; text_font_size=\u00a0\u00bb20px\u00a0\u00bb header_3_font=\u00a0\u00bbPoppins||||||||\u00a0\u00bb header_3_text_color=\u00a0\u00bb#278bc2&Prime; global_colors_info=\u00a0\u00bb{}\u00a0\u00bb]<\/p>\n<h3>B\u00e2timent commercial<\/h3>\n<p>[\/et_pb_text][et_pb_text _builder_version=\u00a0\u00bb4.22.2&Prime; _module_preset=\u00a0\u00bbdefault\u00a0\u00bb text_font=\u00a0\u00bbPoppins||||||||\u00a0\u00bb text_text_color=\u00a0\u00bb#FFFFFF\u00a0\u00bb text_font_size=\u00a0\u00bb17px\u00a0\u00bb global_colors_info=\u00a0\u00bb{}\u00a0\u00bb]<\/p>\n<p>Des stations de recharge fiables et intelligentes avec une gestion dynamique de la charge et des appareils de protection adapt\u00e9s et s\u00fbrs &#8211; nous proposons tous les \u00e9l\u00e9ments n\u00e9cessaires \u00e0 une infrastructure de recharge s\u00fbre et modulable. En outre, un conseil, une gestion, un service et une tarification personnalis\u00e9s. Un seul interlocuteur.<\/p>\n<p>[\/et_pb_text][et_pb_button button_url=\u00a0\u00bb@ET-DC@eyJkeW5hbWljIjp0cnVlLCJjb250ZW50IjoicG9zdF9saW5rX3VybF9wYWdlIiwic2V0dGluZ3MiOnsicG9zdF9pZCI6IjI0NTkifX0=@\u00a0\u00bb button_text=\u00a0\u00bbEn savoir plus\u00a0\u00bb _builder_version=\u00a0\u00bb4.22.2&Prime; _dynamic_attributes=\u00a0\u00bbbutton_url\u00a0\u00bb _module_preset=\u00a0\u00bbdefault\u00a0\u00bb custom_button=\u00a0\u00bbon\u00a0\u00bb button_text_color=\u00a0\u00bb#278bc2&Prime; button_border_width=\u00a0\u00bb0px\u00a0\u00bb button_font=\u00a0\u00bbPoppins||||||||\u00a0\u00bb button_icon=\u00a0\u00bb&#x45;||divi||400&Prime; button_on_hover=\u00a0\u00bboff\u00a0\u00bb global_colors_info=\u00a0\u00bb{}\u00a0\u00bb button_bg_color__hover_enabled=\u00a0\u00bbon|hover\u00a0\u00bb button_bg_color__hover=\u00a0\u00bbRGBA(255,255,255,0)\u00a0\u00bb button_bg_enable_color__hover=\u00a0\u00bbon\u00a0\u00bb][\/et_pb_button][\/et_pb_column][et_pb_column type=\u00a0\u00bb1_2&Prime; _builder_version=\u00a0\u00bb4.22.2&Prime; _module_preset=\u00a0\u00bbdefault\u00a0\u00bb use_background_color_gradient=\u00a0\u00bbon\u00a0\u00bb background_color_gradient_stops=\u00a0\u00bbrgba(0,0,0,0.6) 0%|rgba(0,0,0,0.7) 100%\u00a0\u00bb background_color_gradient_overlays_image=\u00a0\u00bbon\u00a0\u00bb background_image=\u00a0\u00bbhttps:\/\/e-mobiliteit.lu\/wp-content\/uploads\/2023\/09\/Sce-E-mobiliteit-menu-Zuhause-laden.jpg\u00a0\u00bb custom_padding=\u00a0\u00bb20px|20px|20px|20px|true|true\u00a0\u00bb border_radii=\u00a0\u00bbon|10px|10px|10px|10px\u00a0\u00bb global_colors_info=\u00a0\u00bb{}\u00a0\u00bb][et_pb_text _builder_version=\u00a0\u00bb4.22.2&Prime; _module_preset=\u00a0\u00bbdefault\u00a0\u00bb text_font=\u00a0\u00bbPoppins||||||||\u00a0\u00bb text_text_color=\u00a0\u00bb#278bc2&Prime; text_font_size=\u00a0\u00bb20px\u00a0\u00bb header_3_font=\u00a0\u00bbPoppins||||||||\u00a0\u00bb header_3_text_color=\u00a0\u00bb#278bc2&Prime; global_colors_info=\u00a0\u00bb{}\u00a0\u00bb]<\/p>\n<h3>\u00c0 domicile<\/h3>\n<p>[\/et_pb_text][et_pb_text _builder_version=\u00a0\u00bb4.22.2&Prime; _module_preset=\u00a0\u00bbdefault\u00a0\u00bb text_font=\u00a0\u00bbPoppins||||||||\u00a0\u00bb text_text_color=\u00a0\u00bb#FFFFFF\u00a0\u00bb text_font_size=\u00a0\u00bb17px\u00a0\u00bb global_colors_info=\u00a0\u00bb{}\u00a0\u00bb]<\/p>\n<p>Des stations de recharge intelligentes, y compris une application pour la gestion et la surveillance, la m\u00e9thode de distribution appropri\u00e9e et des appareils de protection fiables &#8211; le tout fourni par un seul et m\u00eame fournisseur pour une infrastructure de recharge moderne dans le secteur r\u00e9sidentiel.<\/p>\n<p>[\/et_pb_text][et_pb_button button_url=\u00a0\u00bb@ET-DC@eyJkeW5hbWljIjp0cnVlLCJjb250ZW50IjoicG9zdF9saW5rX3VybF9wYWdlIiwic2V0dGluZ3MiOnsicG9zdF9pZCI6IjI0MjcifX0=@\u00a0\u00bb button_text=\u00a0\u00bbEn savoir plus\u00a0\u00bb _builder_version=\u00a0\u00bb4.22.2&Prime; _dynamic_attributes=\u00a0\u00bbbutton_url\u00a0\u00bb _module_preset=\u00a0\u00bbdefault\u00a0\u00bb custom_button=\u00a0\u00bbon\u00a0\u00bb button_text_color=\u00a0\u00bb#278bc2&Prime; button_border_width=\u00a0\u00bb0px\u00a0\u00bb button_font=\u00a0\u00bbPoppins||||||||\u00a0\u00bb button_icon=\u00a0\u00bb&#x45;||divi||400&Prime; button_on_hover=\u00a0\u00bboff\u00a0\u00bb global_colors_info=\u00a0\u00bb{}\u00a0\u00bb button_bg_color__hover_enabled=\u00a0\u00bbon|hover\u00a0\u00bb button_bg_color__hover=\u00a0\u00bbRGBA(255,255,255,0)\u00a0\u00bb button_bg_enable_color__hover=\u00a0\u00bbon\u00a0\u00bb][\/et_pb_button][\/et_pb_column][\/et_pb_row][\/et_pb_section]<\/p>\n","protected":false},"excerpt":{"rendered":"<p>Des solutions d&rsquo;\u00e9lectromobilit\u00e9 pour tousChez SCE S\u00e0rl Electrical Energy, Projects &amp; Solutions, nous mettons en \u0153uvre des projets d&rsquo;infrastructures de recharge s\u00fbrs, durables et ambitieux. Nous vous fournissons tous les produits et services n\u00e9cessaires \u00e0 la mise en place et \u00e0 l&rsquo;exploitation r\u00e9ussies de l&rsquo;e-mobilit\u00e9. De la distribution secondaire au syst\u00e8me de distribution sur rail. [&hellip;]<\/p>\n","protected":false},"author":1,"featured_media":0,"parent":0,"menu_order":0,"comment_status":"closed","ping_status":"closed","template":"","meta":{"_et_pb_use_builder":"on","_et_pb_old_content":"","_et_gb_content_width":"","footnotes":""},"class_list":["post-2884","page","type-page","status-publish","hentry"],"_links":{"self":[{"href":"https:\/\/e-mobiliteit.lu\/fr\/wp-json\/wp\/v2\/pages\/2884","targetHints":{"allow":["GET"]}}],"collection":[{"href":"https:\/\/e-mobiliteit.lu\/fr\/wp-json\/wp\/v2\/pages"}],"about":[{"href":"https:\/\/e-mobiliteit.lu\/fr\/wp-json\/wp\/v2\/types\/page"}],"author":[{"embeddable":true,"href":"https:\/\/e-mobiliteit.lu\/fr\/wp-json\/wp\/v2\/users\/1"}],"replies":[{"embeddable":true,"href":"https:\/\/e-mobiliteit.lu\/fr\/wp-json\/wp\/v2\/comments?post=2884"}],"version-history":[{"count":4,"href":"https:\/\/e-mobiliteit.lu\/fr\/wp-json\/wp\/v2\/pages\/2884\/revisions"}],"predecessor-version":[{"id":3053,"href":"https:\/\/e-mobiliteit.lu\/fr\/wp-json\/wp\/v2\/pages\/2884\/revisions\/3053"}],"wp:attachment":[{"href":"https:\/\/e-mobiliteit.lu\/fr\/wp-json\/wp\/v2\/media?parent=2884"}],"curies":[{"name":"wp","href":"https:\/\/api.w.org\/{rel}","templated":true}]}}