{"id":2899,"date":"2023-10-02T14:46:54","date_gmt":"2023-10-02T12:46:54","guid":{"rendered":"https:\/\/e-mobiliteit.lu\/evlink-charging-expert\/"},"modified":"2023-11-22T17:35:19","modified_gmt":"2023-11-22T16:35:19","slug":"evlink-charging-expert","status":"publish","type":"page","link":"https:\/\/e-mobiliteit.lu\/fr\/evlink-charging-expert\/","title":{"rendered":"EVlink Charging Expert"},"content":{"rendered":"<p>[et_pb_section fb_built=\u00a0\u00bb1&Prime; _builder_version=\u00a0\u00bb4.22.2&Prime; _module_preset=\u00a0\u00bbdefault\u00a0\u00bb global_colors_info=\u00a0\u00bb{}\u00a0\u00bb][et_pb_row _builder_version=\u00a0\u00bb4.22.2&Prime; _module_preset=\u00a0\u00bbdefault\u00a0\u00bb max_width=\u00a0\u00bb75%\u00a0\u00bb global_colors_info=\u00a0\u00bb{}\u00a0\u00bb][et_pb_column type=\u00a0\u00bb4_4&Prime; _builder_version=\u00a0\u00bb4.22.2&Prime; _module_preset=\u00a0\u00bbdefault\u00a0\u00bb global_colors_info=\u00a0\u00bb{}\u00a0\u00bb][et_pb_text _builder_version=\u00a0\u00bb4.22.2&Prime; _module_preset=\u00a0\u00bbd061b01a-ec6c-4e12-9df5-a69f23cd46d6&Prime; text_font=\u00a0\u00bbPoppins||||||||\u00a0\u00bb text_font_size=\u00a0\u00bb2.2vw\u00a0\u00bb hover_enabled=\u00a0\u00bb0&Prime; global_colors_info=\u00a0\u00bb{}\u00a0\u00bb text_font_size_last_edited=\u00a0\u00bbon|phone\u00a0\u00bb sticky_enabled=\u00a0\u00bb0&Prime; text_font_size_tablet=\u00a0\u00bb5.5vw\u00a0\u00bb text_line_height=\u00a0\u00bb1.2em\u00a0\u00bb text_font_size_phone=\u00a0\u00bb6vw\u00a0\u00bb]<\/p>\n<p>Gestion dynamique de la charge<\/p>\n<p>[\/et_pb_text][\/et_pb_column][\/et_pb_row][et_pb_row column_structure=\u00a0\u00bb1_2,1_2&Prime; make_equal=\u00a0\u00bbon\u00a0\u00bb _builder_version=\u00a0\u00bb4.22.2&Prime; _module_preset=\u00a0\u00bbdefault\u00a0\u00bb max_width=\u00a0\u00bb75%\u00a0\u00bb global_colors_info=\u00a0\u00bb{}\u00a0\u00bb][et_pb_column type=\u00a0\u00bb1_2&Prime; _builder_version=\u00a0\u00bb4.22.2&Prime; _module_preset=\u00a0\u00bbdefault\u00a0\u00bb global_colors_info=\u00a0\u00bb{}\u00a0\u00bb][et_pb_image src=\u00a0\u00bbhttps:\/\/e-mobiliteit.lu\/wp-content\/uploads\/2023\/10\/SCE-Produkt-EVlink-Charging-Expert.jpg\u00a0\u00bb title_text=\u00a0\u00bbProduit SCE EVlink Charging Expert\u00a0\u00bb align=\u00a0\u00bbright\u00a0\u00bb _builder_version=\u00a0\u00bb4.22.2&Prime; _module_preset=\u00a0\u00bbdefault\u00a0\u00bb global_colors_info=\u00a0\u00bb{}\u00a0\u00bb][\/et_pb_image][\/et_pb_column][et_pb_column type=\u00a0\u00bb1_2&Prime; _builder_version=\u00a0\u00bb4.22.2&Prime; _module_preset=\u00a0\u00bbdefault\u00a0\u00bb custom_css_main_element=\u00a0\u00bbmargin:auto\u00a0\u00bb global_colors_info=\u00a0\u00bb{}\u00a0\u00bb][et_pb_text _builder_version=\u00a0\u00bb4.22.2&Prime; _module_preset=\u00a0\u00bbd061b01a-ec6c-4e12-9df5-a69f23cd46d6&Prime; text_font=\u00a0\u00bbPoppins|600|||||||\u00a0\u00bb text_text_color=\u00a0\u00bb#278bc2&Prime; text_font_size=\u00a0\u00bb25px\u00a0\u00bb header_font=\u00a0\u00bb|600|||||||\u00a0\u00bb header_text_color=\u00a0\u00bb#278bc2&Prime; hover_enabled=\u00a0\u00bb0&Prime; global_colors_info=\u00a0\u00bb{}\u00a0\u00bb sticky_enabled=\u00a0\u00bb0&Prime;]<\/p>\n<h1>EVlink Charging Expert<\/h1>\n<p>[\/et_pb_text][et_pb_text _builder_version=\u00a0\u00bb4.22.2&Prime; _module_preset=\u00a0\u00bbd061b01a-ec6c-4e12-9df5-a69f23cd46d6&Prime; text_font=\u00a0\u00bbPoppins|300|||||||\u00a0\u00bb text_text_color=\u00a0\u00bb#000000&Prime; text_font_size=\u00a0\u00bb20px\u00a0\u00bb global_colors_info=\u00a0\u00bb{}\u00a0\u00bb]<\/p>\n<p>Gestion dynamique et flexible de la charge pour la mise en r\u00e9seau de deux \u00e0 1 000 points de charge.<\/p>\n<p>[\/et_pb_text][\/et_pb_column][\/et_pb_row][et_pb_row _builder_version=\u00a0\u00bb4.22.2&Prime; _module_preset=\u00a0\u00bbdefault\u00a0\u00bb global_colors_info=\u00a0\u00bb{}\u00a0\u00bb][et_pb_column type=\u00a0\u00bb4_4&Prime; _builder_version=\u00a0\u00bb4.22.2&Prime; _module_preset=\u00a0\u00bbdefault\u00a0\u00bb global_colors_info=\u00a0\u00bb{}\u00a0\u00bb][et_pb_text _builder_version=\u00a0\u00bb4.22.2&Prime; _module_preset=\u00a0\u00bbd061b01a-ec6c-4e12-9df5-a69f23cd46d6&Prime; text_font=\u00a0\u00bbPoppins||||||||\u00a0\u00bb text_font_size=\u00a0\u00bb20px\u00a0\u00bb header_2_font=\u00a0\u00bb|600|||||||\u00a0\u00bb global_colors_info=\u00a0\u00bb{}\u00a0\u00bb]<\/p>\n<h2>Description du produit<\/h2>\n<p>[\/et_pb_text][et_pb_text _builder_version=\u00a0\u00bb4.22.2&Prime; _module_preset=\u00a0\u00bbd061b01a-ec6c-4e12-9df5-a69f23cd46d6&Prime; text_font=\u00a0\u00bbPoppins|300|||||||\u00a0\u00bb text_font_size=\u00a0\u00bb20px\u00a0\u00bb global_colors_info=\u00a0\u00bb{}\u00a0\u00bb]<\/p>\n<p>Gestion flexible de la charge pour les applications d&rsquo;e-mobilit\u00e9 techniquement exigeantes<\/p>\n<p>[\/et_pb_text][et_pb_text _builder_version=\u00a0\u00bb4.22.2&Prime; _module_preset=\u00a0\u00bbd061b01a-ec6c-4e12-9df5-a69f23cd46d6&Prime; text_font=\u00a0\u00bbPoppins|300|||||||\u00a0\u00bb text_font_size=\u00a0\u00bb20px\u00a0\u00bb global_colors_info=\u00a0\u00bb{}\u00a0\u00bb]<\/p>\n<p>La gestion de la charge EVlink (LMS) permet de r\u00e9guler dynamiquement vos stations de recharge en fonction de l&rsquo;\u00e9nergie disponible dans votre b\u00e2timent. Les avantages : Avec le LMS, vous utilisez et g\u00e9rez judicieusement l&rsquo;\u00e9nergie disponible tout en surveillant le raccordement du b\u00e2timent afin d&rsquo;\u00e9viter les surcharges.<\/p>\n<p>Le LMS offre un tableau de bord intuitif avec de nombreuses fonctions :<\/p>\n<p>[\/et_pb_text][et_pb_text _builder_version=\u00a0\u00bb4.22.2&Prime; _module_preset=\u00a0\u00bbd061b01a-ec6c-4e12-9df5-a69f23cd46d6&Prime; text_font=\u00a0\u00bbPoppins|300|||||||\u00a0\u00bb text_font_size=\u00a0\u00bb20px\u00a0\u00bb global_colors_info=\u00a0\u00bb{}\u00a0\u00bb]<\/p>\n<ul>\n<li>R\u00e9gulation de charge dynamique ou statique de jusqu&rsquo;\u00e0 100 stations de charge avec possibilit\u00e9 d&rsquo;extension modulaire<\/li>\n<li>R\u00e9gulation de la charge par zone<\/li>\n<li>mise en service pratique et rapide de toutes les stations de recharge directement via le tableau de bord intuitif<\/li>\n<li>Surveillance de l&rsquo;infrastructure de recharge et int\u00e9gration optionnelle dans les microgrids et les syst\u00e8mes de gestion des b\u00e2timents<\/li>\n<li>D\u00e9finir une fonction VIP<\/li>\n<li>chargement en fonction de la dur\u00e9e<\/li>\n<li>Pas de frais de licence ni de frais courants<\/li>\n<li>Fonctions de t\u00e9l\u00e9commande, de documentation et de maintenance en temps r\u00e9el<\/li>\n<\/ul>\n<p>[\/et_pb_text][et_pb_text _builder_version=\u00a0\u00bb4.22.2&Prime; _module_preset=\u00a0\u00bbd061b01a-ec6c-4e12-9df5-a69f23cd46d6&Prime; text_font=\u00a0\u00bbPoppins|300|||||||\u00a0\u00bb text_font_size=\u00a0\u00bb20px\u00a0\u00bb global_colors_info=\u00a0\u00bb{}\u00a0\u00bb]<\/p>\n<p>La gestion de la charge EVlink est la solution de charge parfaite pour les flottes, les parkings priv\u00e9s d&rsquo;entreprises ou les complexes r\u00e9sidentiels, tout en garantissant une utilisation optimis\u00e9e de l&rsquo;\u00e9nergie et un fonctionnement \u00e9conomique et durable.<\/p>\n<p>[\/et_pb_text][dsm_business_hours _builder_version=\u00a0\u00bb4.22.2&Prime; _module_preset=\u00a0\u00bbdefault\u00a0\u00bb global_colors_info=\u00a0\u00bb{}\u00a0\u00bb][\/dsm_business_hours][\/et_pb_column][\/et_pb_row][\/et_pb_section]<\/p>\n","protected":false},"excerpt":{"rendered":"<p>Gestion dynamique de la chargeEVlink Charging ExpertGestion dynamique et flexible de la charge pour la mise en r\u00e9seau de deux \u00e0 1 000 points de charge.Description du produitGestion flexible de la charge pour les applications d&rsquo;e-mobilit\u00e9 techniquement exigeantesLa gestion de la charge EVlink (LMS) permet de r\u00e9guler dynamiquement vos stations de recharge en fonction de [&hellip;]<\/p>\n","protected":false},"author":3,"featured_media":0,"parent":0,"menu_order":0,"comment_status":"closed","ping_status":"closed","template":"","meta":{"_et_pb_use_builder":"on","_et_pb_old_content":"","_et_gb_content_width":"","footnotes":""},"class_list":["post-2899","page","type-page","status-publish","hentry"],"_links":{"self":[{"href":"https:\/\/e-mobiliteit.lu\/fr\/wp-json\/wp\/v2\/pages\/2899","targetHints":{"allow":["GET"]}}],"collection":[{"href":"https:\/\/e-mobiliteit.lu\/fr\/wp-json\/wp\/v2\/pages"}],"about":[{"href":"https:\/\/e-mobiliteit.lu\/fr\/wp-json\/wp\/v2\/types\/page"}],"author":[{"embeddable":true,"href":"https:\/\/e-mobiliteit.lu\/fr\/wp-json\/wp\/v2\/users\/3"}],"replies":[{"embeddable":true,"href":"https:\/\/e-mobiliteit.lu\/fr\/wp-json\/wp\/v2\/comments?post=2899"}],"version-history":[{"count":1,"href":"https:\/\/e-mobiliteit.lu\/fr\/wp-json\/wp\/v2\/pages\/2899\/revisions"}],"predecessor-version":[{"id":2902,"href":"https:\/\/e-mobiliteit.lu\/fr\/wp-json\/wp\/v2\/pages\/2899\/revisions\/2902"}],"wp:attachment":[{"href":"https:\/\/e-mobiliteit.lu\/fr\/wp-json\/wp\/v2\/media?parent=2899"}],"curies":[{"name":"wp","href":"https:\/\/api.w.org\/{rel}","templated":true}]}}