{"id":2926,"date":"2023-09-29T23:14:30","date_gmt":"2023-09-29T21:14:30","guid":{"rendered":"https:\/\/e-mobiliteit.lu\/recharge-dans-un-parking-souterrain\/"},"modified":"2023-11-23T15:56:03","modified_gmt":"2023-11-23T14:56:03","slug":"recharge-dans-un-parking-souterrain","status":"publish","type":"page","link":"https:\/\/e-mobiliteit.lu\/fr\/recharge-dans-un-parking-souterrain\/","title":{"rendered":"Recharge dans un parking souterrain"},"content":{"rendered":"<p>[et_pb_section fb_built=\u00a0\u00bb1&Prime; _builder_version=\u00a0\u00bb4.22.2&Prime; _module_preset=\u00a0\u00bbdefault\u00a0\u00bb custom_padding=\u00a0\u00bb||4px|||\u00a0\u00bb global_colors_info=\u00a0\u00bb{}\u00a0\u00bb][et_pb_row column_structure=\u00a0\u00bb3_5,2_5&Prime; _builder_version=\u00a0\u00bb4.22.2&Prime; _module_preset=\u00a0\u00bbdefault\u00a0\u00bb max_width=\u00a0\u00bb70%\u00a0\u00bb global_colors_info=\u00a0\u00bb{}\u00a0\u00bb][et_pb_column type=\u00a0\u00bb3_5&Prime; _builder_version=\u00a0\u00bb4.22.2&Prime; _module_preset=\u00a0\u00bbdefault\u00a0\u00bb global_colors_info=\u00a0\u00bb{}\u00a0\u00bb][et_pb_text _builder_version=\u00a0\u00bb4.22.2&Prime; _module_preset=\u00a0\u00bbdefault\u00a0\u00bb header_font=\u00a0\u00bbPoppins|600|||||||\u00a0\u00bb header_text_color=\u00a0\u00bb#278bc2&Prime; header_font_size=\u00a0\u00bb2.2vw\u00a0\u00bb header_font_size_tablet=\u00a0\u00bb5.5vw\u00a0\u00bb header_font_size_phone=\u00a0\u00bb6vw\u00a0\u00bb header_font_size_last_edited=\u00a0\u00bbon|phone\u00a0\u00bb global_colors_info=\u00a0\u00bb{}\u00a0\u00bb]<\/p>\n<h1><span style=\"color: #000000;\">Recharge<\/span> <span>dans<\/span> <span class=\"text-gradient\">un<\/span> <span>parking<\/span> <span style=\"color: #000000;\">souterrain<\/span><\/h1>\n<p>[\/et_pb_text][et_pb_text _builder_version=\u00a0\u00bb4.22.2&Prime; _module_preset=\u00a0\u00bbdefault\u00a0\u00bb text_font=\u00a0\u00bbPoppins||||||||\u00a0\u00bb text_font_size=\u00a0\u00bb20px\u00a0\u00bb text_line_height=\u00a0\u00bb1.6em\u00a0\u00bb global_colors_info=\u00a0\u00bb{}\u00a0\u00bb]<\/p>\n<p>L&rsquo;espace de stationnement devient de plus en plus pr\u00e9cieux. En milieu urbain, le parking souterrain joue un r\u00f4le cl\u00e9. Pour l&rsquo;\u00e9lectromobilit\u00e9 aussi. En effet, les utilisateurs de v\u00e9hicules y laissent leur voiture pendant une longue dur\u00e9e &#8211; un temps id\u00e9al pour recharger la voiture \u00e9lectrique.   Un \u00e9l\u00e9ment de diff\u00e9renciation pour les exploitants de parkings &#8211; une v\u00e9ritable plus-value au quotidien pour les utilisateurs de parkings en immeubles collectifs.<\/p>\n<p>[\/et_pb_text][\/et_pb_column][et_pb_column type=\u00a0\u00bb2_5&Prime; _builder_version=\u00a0\u00bb4.22.2&Prime; _module_preset=\u00a0\u00bbdefault\u00a0\u00bb global_colors_info=\u00a0\u00bb{}\u00a0\u00bb][et_pb_image src=\u00a0\u00bbhttps:\/\/e-mobiliteit.lu\/wp-content\/uploads\/2023\/09\/Sce-E-mobiliteit-menu-Tiefgarage.jpg\u00a0\u00bb title_text=\u00a0\u00bbSce E-mobiliteit menu Parking souterrain\u00a0\u00bb align=\u00a0\u00bbcenter\u00a0\u00bb _builder_version=\u00a0\u00bb4.22.2&Prime; _module_preset=\u00a0\u00bbdefault\u00a0\u00bb border_radii=\u00a0\u00bbon|10px|10px|10px|10px\u00a0\u00bb global_colors_info=\u00a0\u00bb{}\u00a0\u00bb][\/et_pb_image][\/et_pb_column][\/et_pb_row][\/et_pb_section][et_pb_section fb_built=\u00a0\u00bb1&Prime; _builder_version=\u00a0\u00bb4.22.2&Prime; _module_preset=\u00a0\u00bbdefault\u00a0\u00bb custom_padding=\u00a0\u00bb0px|||||\u00a0\u00bb global_colors_info=\u00a0\u00bb{}\u00a0\u00bb][et_pb_row _builder_version=\u00a0\u00bb4.22.2&Prime; _module_preset=\u00a0\u00bbdefault\u00a0\u00bb max_width=\u00a0\u00bb90%\u00a0\u00bb global_colors_info=\u00a0\u00bb{}\u00a0\u00bb][et_pb_column type=\u00a0\u00bb4_4&Prime; _builder_version=\u00a0\u00bb4.22.2&Prime; _module_preset=\u00a0\u00bbdefault\u00a0\u00bb global_colors_info=\u00a0\u00bb{}\u00a0\u00bb][et_pb_image src=\u00a0\u00bbhttps:\/\/e-mobiliteit.lu\/wp-content\/uploads\/2023\/09\/Sce-E-mobiliteit-Tiefgarage.jpg\u00a0\u00bb title_text=\u00a0\u00bbSce E-mobiliteit parking souterrain\u00a0\u00bb align=\u00a0\u00bbcenter\u00a0\u00bb _builder_version=\u00a0\u00bb4.22.2&Prime; _module_preset=\u00a0\u00bbdefault\u00a0\u00bb global_colors_info=\u00a0\u00bb{}\u00a0\u00bb][\/et_pb_image][\/et_pb_column][\/et_pb_row][\/et_pb_section][et_pb_section fb_built=\u00a0\u00bb1&Prime; _builder_version=\u00a0\u00bb4.22.2&Prime; _module_preset=\u00a0\u00bbdefault\u00a0\u00bb background_color=\u00a0\u00bb#f4f4f4&Prime; custom_margin=\u00a0\u00bb0px||0px||true|false\u00a0\u00bb custom_padding=\u00a0\u00bb0px||0px||true|false\u00a0\u00bb global_colors_info=\u00a0\u00bb{}\u00a0\u00bb][et_pb_row column_structure=\u00a0\u00bb1_3,1_3,1_3&Prime; _builder_version=\u00a0\u00bb4.22.2&Prime; _module_preset=\u00a0\u00bbdefault\u00a0\u00bb width=\u00a0\u00bb70%\u00a0\u00bb max_width=\u00a0\u00bb80%\u00a0\u00bb global_colors_info=\u00a0\u00bb{}\u00a0\u00bb][et_pb_column type=\u00a0\u00bb1_3&Prime; _builder_version=\u00a0\u00bb4.22.2&Prime; _module_preset=\u00a0\u00bbdefault\u00a0\u00bb link_option_url=\u00a0\u00bb#parking\u00a0\u00bb global_colors_info=\u00a0\u00bb{}\u00a0\u00bb][et_pb_text _builder_version=\u00a0\u00bb4.22.2&Prime; _module_preset=\u00a0\u00bbdefault\u00a0\u00bb text_font=\u00a0\u00bbPoppins||||||||\u00a0\u00bb text_font_size=\u00a0\u00bb15px\u00a0\u00bb text_line_height=\u00a0\u00bb1.6em\u00a0\u00bb text_orientation=\u00a0\u00bbcenter\u00a0\u00bb global_colors_info=\u00a0\u00bb{}\u00a0\u00bb]<\/p>\n<p>L&rsquo;\u00e9lectromobilit\u00e9 dans les parkings<\/p>\n<p>[\/et_pb_text][\/et_pb_column][et_pb_column type=\u00a0\u00bb1_3&Prime; _builder_version=\u00a0\u00bb4.22.2&Prime; _module_preset=\u00a0\u00bbdefault\u00a0\u00bb link_option_url=\u00a0\u00bb#avantages\u00a0\u00bb global_colors_info=\u00a0\u00bb{}\u00a0\u00bb][et_pb_text _builder_version=\u00a0\u00bb4.22.2&Prime; _module_preset=\u00a0\u00bbdefault\u00a0\u00bb text_font=\u00a0\u00bbPoppins||||||||\u00a0\u00bb text_font_size=\u00a0\u00bb15px\u00a0\u00bb text_line_height=\u00a0\u00bb1.6em\u00a0\u00bb text_orientation=\u00a0\u00bbcenter\u00a0\u00bb global_colors_info=\u00a0\u00bb{}\u00a0\u00bb]<\/p>\n<p>Avantages de la mobilit\u00e9 \u00e9lectrique dans les parkings souterrains<\/p>\n<p>[\/et_pb_text][\/et_pb_column][et_pb_column type=\u00a0\u00bb1_3&Prime; _builder_version=\u00a0\u00bb4.22.2&Prime; _module_preset=\u00a0\u00bbdefault\u00a0\u00bb link_option_url=\u00a0\u00bb#wallbox\u00a0\u00bb global_colors_info=\u00a0\u00bb{}\u00a0\u00bb][et_pb_text _builder_version=\u00a0\u00bb4.22.2&Prime; _module_preset=\u00a0\u00bbdefault\u00a0\u00bb text_font=\u00a0\u00bbPoppins||||||||\u00a0\u00bb text_font_size=\u00a0\u00bb15px\u00a0\u00bb text_line_height=\u00a0\u00bb1.6em\u00a0\u00bb text_orientation=\u00a0\u00bbcenter\u00a0\u00bb global_colors_info=\u00a0\u00bb{}\u00a0\u00bb]<\/p>\n<p>Stationnement et recharge durables<\/p>\n<p>[\/et_pb_text][\/et_pb_column][\/et_pb_row][\/et_pb_section][et_pb_section fb_built=\u00a0\u00bb1&Prime; _builder_version=\u00a0\u00bb4.22.2&Prime; _module_preset=\u00a0\u00bbdefault\u00a0\u00bb custom_padding=\u00a0\u00bb50px|||||\u00a0\u00bb global_colors_info=\u00a0\u00bb{}\u00a0\u00bb][et_pb_row column_structure=\u00a0\u00bb1_3,1_3,1_3&Prime; make_equal=\u00a0\u00bbon\u00a0\u00bb module_id=\u00a0\u00bbparkhaus\u00a0\u00bb _builder_version=\u00a0\u00bb4.22.2&Prime; _module_preset=\u00a0\u00bbdefault\u00a0\u00bb width=\u00a0\u00bb90%\u00a0\u00bb max_width=\u00a0\u00bb80%\u00a0\u00bb custom_padding=\u00a0\u00bb26px|||||\u00a0\u00bb global_colors_info=\u00a0\u00bb{}\u00a0\u00bb][et_pb_column type=\u00a0\u00bb1_3&Prime; _builder_version=\u00a0\u00bb4.22.2&Prime; _module_preset=\u00a0\u00bbdefault\u00a0\u00bb global_colors_info=\u00a0\u00bb{}\u00a0\u00bb][et_pb_text _builder_version=\u00a0\u00bb4.22.2&Prime; _module_preset=\u00a0\u00bbdefault\u00a0\u00bb text_font=\u00a0\u00bbPoppins||||||||\u00a0\u00bb text_font_size=\u00a0\u00bb30px\u00a0\u00bb text_line_height=\u00a0\u00bb1.4em\u00a0\u00bb header_2_font=\u00a0\u00bbPoppins|600|||||||\u00a0\u00bb header_2_font_size=\u00a0\u00bb30px\u00a0\u00bb global_colors_info=\u00a0\u00bb{}\u00a0\u00bb]<\/p>\n<h2>L&rsquo;\u00e9lectromobilit\u00e9 dans les parkings<\/h2>\n<p>[\/et_pb_text][\/et_pb_column][et_pb_column type=\u00a0\u00bb1_3&Prime; _builder_version=\u00a0\u00bb4.22.2&Prime; _module_preset=\u00a0\u00bbdefault\u00a0\u00bb global_colors_info=\u00a0\u00bb{}\u00a0\u00bb][et_pb_text _builder_version=\u00a0\u00bb4.22.2&Prime; _module_preset=\u00a0\u00bbdefault\u00a0\u00bb text_font=\u00a0\u00bbPoppins|600|||||||\u00a0\u00bb text_font_size=\u00a0\u00bb16px\u00a0\u00bb custom_margin=\u00a0\u00bb||20px||false|false\u00a0\u00bb global_colors_info=\u00a0\u00bb{}\u00a0\u00bb]<\/p>\n<p>Station-service du futur<\/p>\n<p>[\/et_pb_text][et_pb_text _builder_version=\u00a0\u00bb4.22.2&Prime; _module_preset=\u00a0\u00bbdefault\u00a0\u00bb text_font=\u00a0\u00bbPoppins|600|||||||\u00a0\u00bb text_text_color=\u00a0\u00bb#278bc2&Prime; text_font_size=\u00a0\u00bb24px\u00a0\u00bb global_colors_info=\u00a0\u00bb{}\u00a0\u00bb]<\/p>\n<p>Solutions d&rsquo;e-mobilit\u00e9 pour les parkings souterrains et couverts<\/p>\n<p>[\/et_pb_text][et_pb_text _builder_version=\u00a0\u00bb4.22.2&Prime; _module_preset=\u00a0\u00bbdefault\u00a0\u00bb text_font=\u00a0\u00bbPoppins||||||||\u00a0\u00bb text_font_size=\u00a0\u00bb16px\u00a0\u00bb custom_padding=\u00a0\u00bb||0px|||\u00a0\u00bb global_colors_info=\u00a0\u00bb{}\u00a0\u00bb]<\/p>\n<p>La station-service du futur ne sera pas situ\u00e9e dans la rue &#8211; mais dans 80% des cas, au sein m\u00eame des b\u00e2timents Qu&rsquo;il s&rsquo;agisse d&rsquo;un b\u00e2timent existant ou d&rsquo;une nouvelle construction, l&rsquo;augmentation du nombre de voitures \u00e9lectriques n\u00e9cessite de plus en plus de points de charge. Les parkings couverts sont donc l&rsquo;endroit o\u00f9 le d\u00e9ploiement de l&rsquo;infrastructure de recharge est optimale.<\/p>\n<p>[\/et_pb_text][\/et_pb_column][et_pb_column type=\u00a0\u00bb1_3&Prime; _builder_version=\u00a0\u00bb4.22.2&Prime; _module_preset=\u00a0\u00bbdefault\u00a0\u00bb custom_css_main_element=\u00a0\u00bbmargin:auto\u00a0\u00bb global_colors_info=\u00a0\u00bb{}\u00a0\u00bb][et_pb_image src=\u00a0\u00bbhttps:\/\/e-mobiliteit.lu\/wp-content\/uploads\/2023\/09\/Sce-E-mobiliteit-parkhaus.jpg\u00a0\u00bb title_text=\u00a0\u00bbSce E-mobiliteit parkhaus\u00a0\u00bb _builder_version=\u00a0\u00bb4.22.2&Prime; _module_preset=\u00a0\u00bbdefault\u00a0\u00bb width=\u00a0\u00bb100%\u00a0\u00bb max_width=\u00a0\u00bb150%\u00a0\u00bb module_alignment=\u00a0\u00bbcenter\u00a0\u00bb min_height=\u00a0\u00bb120%\u00a0\u00bb height=\u00a0\u00bb120%\u00a0\u00bb custom_padding=\u00a0\u00bb0px|||||\u00a0\u00bb border_radii=\u00a0\u00bbon|10px|10px|10px|10px\u00a0\u00bb global_colors_info=\u00a0\u00bb{}\u00a0\u00bb][\/et_pb_image][\/et_pb_column][\/et_pb_row][et_pb_row column_structure=\u00a0\u00bb1_3,1_3,1_3&Prime; make_equal=\u00a0\u00bbon\u00a0\u00bb _builder_version=\u00a0\u00bb4.22.2&Prime; _module_preset=\u00a0\u00bbdefault\u00a0\u00bb width=\u00a0\u00bb90%\u00a0\u00bb max_width=\u00a0\u00bb80%\u00a0\u00bb custom_padding=\u00a0\u00bb55px|||||\u00a0\u00bb global_colors_info=\u00a0\u00bb{}\u00a0\u00bb][et_pb_column type=\u00a0\u00bb1_3&Prime; _builder_version=\u00a0\u00bb4.22.2&Prime; _module_preset=\u00a0\u00bbdefault\u00a0\u00bb global_colors_info=\u00a0\u00bb{}\u00a0\u00bb][\/et_pb_column][et_pb_column type=\u00a0\u00bb1_3&Prime; _builder_version=\u00a0\u00bb4.22.2&Prime; _module_preset=\u00a0\u00bbdefault\u00a0\u00bb custom_css_main_element=\u00a0\u00bbmargin:auto\u00a0\u00bb global_colors_info=\u00a0\u00bb{}\u00a0\u00bb][et_pb_image src=\u00a0\u00bbhttps:\/\/e-mobiliteit.lu\/wp-content\/uploads\/2023\/09\/Sce-E-mobiliteit-parkhaus-2.jpg\u00a0\u00bb title_text=\u00a0\u00bbSce E-mobiliteit parkhaus 2&Prime; _builder_version=\u00a0\u00bb4.22.2&Prime; _module_preset=\u00a0\u00bbdefault\u00a0\u00bb width=\u00a0\u00bb100%\u00a0\u00bb max_width=\u00a0\u00bb150%\u00a0\u00bb module_alignment=\u00a0\u00bbcenter\u00a0\u00bb min_height=\u00a0\u00bb120%\u00a0\u00bb height=\u00a0\u00bb120%\u00a0\u00bb custom_padding=\u00a0\u00bb0px|||||\u00a0\u00bb border_radii=\u00a0\u00bbon|10px|10px|10px|10px\u00a0\u00bb global_colors_info=\u00a0\u00bb{}\u00a0\u00bb][\/et_pb_image][\/et_pb_column][et_pb_column type=\u00a0\u00bb1_3&Prime; _builder_version=\u00a0\u00bb4.22.2&Prime; _module_preset=\u00a0\u00bbdefault\u00a0\u00bb global_colors_info=\u00a0\u00bb{}\u00a0\u00bb][et_pb_text _builder_version=\u00a0\u00bb4.22.2&Prime; _module_preset=\u00a0\u00bbdefault\u00a0\u00bb text_font=\u00a0\u00bbPoppins|600|||||||\u00a0\u00bb text_font_size=\u00a0\u00bb16px\u00a0\u00bb custom_margin=\u00a0\u00bb||20px||false|false\u00a0\u00bb global_colors_info=\u00a0\u00bb{}\u00a0\u00bb]<\/p>\n<p>Pour les exploitants de parkings couverts et souterrains<\/p>\n<p>[\/et_pb_text][et_pb_text _builder_version=\u00a0\u00bb4.22.2&Prime; _module_preset=\u00a0\u00bbdefault\u00a0\u00bb text_font=\u00a0\u00bbPoppins|600|||||||\u00a0\u00bb text_text_color=\u00a0\u00bb#278bc2&Prime; text_font_size=\u00a0\u00bb24px\u00a0\u00bb global_colors_info=\u00a0\u00bb{}\u00a0\u00bb]<\/p>\n<p>Facteur de diff\u00e9renciation : l&rsquo;\u00e9lectromobilit\u00e9<\/p>\n<p>[\/et_pb_text][et_pb_text _builder_version=\u00a0\u00bb4.22.2&Prime; _module_preset=\u00a0\u00bbdefault\u00a0\u00bb text_font=\u00a0\u00bbPoppins||||||||\u00a0\u00bb text_font_size=\u00a0\u00bb16px\u00a0\u00bb custom_padding=\u00a0\u00bb||0px|||\u00a0\u00bb global_colors_info=\u00a0\u00bb{}\u00a0\u00bb]<\/p>\n<p>La recherche d&rsquo;une place de parking en ville est parfois \u00e9prouvante et n\u00e9c\u00e9ssite bien souvent beaucoup de temps. Il est bien plus pratique de s&rsquo;assurer une place libre dans un parking. Mais quel parking choisir pendant une journ\u00e9e de shopping ?<\/p>\n<div class=\"mehr-text\">\n<p>Les utilisateurs de v\u00e9hicules \u00e9lectriques planifient g\u00e9n\u00e9ralement leurs itin\u00e9raires et privil\u00e9gient les endroits o\u00f9 le v\u00e9hicule peut \u00eatre recharg\u00e9. Pour les exploitants de parkings, cela peut \u00eatre un \u00e9l\u00e9ment important de diff\u00e9renciation par rapport \u00e0 la concurrence pour les visiteurs du parc. Cela repr\u00e9sente une v\u00e9ritable valeur ajout\u00e9e pour les CPO (Charge Point Operator), c&rsquo;est-\u00e0-dire les exploitants d&rsquo;infrastructures de recharge. <\/p>\n<\/div>\n<p>[\/et_pb_text][\/et_pb_column][\/et_pb_row][et_pb_row column_structure=\u00a0\u00bb1_3,1_3,1_3&Prime; make_equal=\u00a0\u00bbon\u00a0\u00bb module_class=\u00a0\u00bbreverse\u00a0\u00bb _builder_version=\u00a0\u00bb4.22.2&Prime; _module_preset=\u00a0\u00bbdefault\u00a0\u00bb width=\u00a0\u00bb90%\u00a0\u00bb max_width=\u00a0\u00bb80%\u00a0\u00bb custom_padding=\u00a0\u00bb50px|||||\u00a0\u00bb global_colors_info=\u00a0\u00bb{}\u00a0\u00bb][et_pb_column type=\u00a0\u00bb1_3&Prime; _builder_version=\u00a0\u00bb4.22.2&Prime; _module_preset=\u00a0\u00bbdefault\u00a0\u00bb global_colors_info=\u00a0\u00bb{}\u00a0\u00bb][\/et_pb_column][et_pb_column type=\u00a0\u00bb1_3&Prime; _builder_version=\u00a0\u00bb4.22.2&Prime; _module_preset=\u00a0\u00bbdefault\u00a0\u00bb global_colors_info=\u00a0\u00bb{}\u00a0\u00bb][et_pb_text _builder_version=\u00a0\u00bb4.22.2&Prime; _module_preset=\u00a0\u00bbdefault\u00a0\u00bb text_font=\u00a0\u00bbPoppins|600|||||||\u00a0\u00bb text_font_size=\u00a0\u00bb16px\u00a0\u00bb custom_margin=\u00a0\u00bb||20px||false|false\u00a0\u00bb global_colors_info=\u00a0\u00bb{}\u00a0\u00bb]<\/p>\n<p>Pour les utilisateurs de parkings couverts et souterrains dans les immeubles d&rsquo;habitation<\/p>\n<p>[\/et_pb_text][et_pb_text _builder_version=\u00a0\u00bb4.22.2&Prime; _module_preset=\u00a0\u00bbdefault\u00a0\u00bb text_font=\u00a0\u00bbPoppins|600|||||||\u00a0\u00bb text_text_color=\u00a0\u00bb#278bc2&Prime; text_font_size=\u00a0\u00bb24px\u00a0\u00bb global_colors_info=\u00a0\u00bb{}\u00a0\u00bb]<\/p>\n<p>Pr\u00e9\u00e9quipement et mise \u00e0 niveau de l&rsquo;infrastructure de recharge dans les parkings priv\u00e9s<\/p>\n<p>[\/et_pb_text][et_pb_text _builder_version=\u00a0\u00bb4.22.2&Prime; _module_preset=\u00a0\u00bbdefault\u00a0\u00bb text_font=\u00a0\u00bbPoppins||||||||\u00a0\u00bb text_font_size=\u00a0\u00bb16px\u00a0\u00bb custom_padding=\u00a0\u00bb||0px|||\u00a0\u00bb global_colors_info=\u00a0\u00bb{}\u00a0\u00bb]<\/p>\n<p><span>Une planification anticip\u00e9e de la distribution d&rsquo;\u00e9nergie et de l&rsquo;infrastructure de recharge joue un r\u00f4le important dans l&rsquo;optimisation des co\u00fbts.. <br \/>Ainsi, dans les nouveaux b\u00e2timents, l&rsquo;infrastructure de recharge doit \u00eatre pr\u00e9-\u00e9quip\u00e9e. Dans les b\u00e2timents existants, les locataires ont droit \u00e0 une Wallbox sur la place de parking qu&rsquo;ils louent. L&rsquo;installation d&rsquo;une infrastructure de recharge est pr\u00e9vue t\u00f4t ou tard.<\/span><\/p>\n<p>[\/et_pb_text][\/et_pb_column][et_pb_column type=\u00a0\u00bb1_3&Prime; _builder_version=\u00a0\u00bb4.22.2&Prime; _module_preset=\u00a0\u00bbdefault\u00a0\u00bb custom_css_main_element=\u00a0\u00bbmargin:auto\u00a0\u00bb global_colors_info=\u00a0\u00bb{}\u00a0\u00bb][et_pb_image src=\u00a0\u00bbhttps:\/\/e-mobiliteit.lu\/wp-content\/uploads\/2023\/09\/Sce-E-mobiliteit-parkhaus-3.jpg\u00a0\u00bb title_text=\u00a0\u00bbSce E-mobiliteit parkhaus 3&Prime; _builder_version=\u00a0\u00bb4.22.2&Prime; _module_preset=\u00a0\u00bbdefault\u00a0\u00bb width=\u00a0\u00bb100%\u00a0\u00bb max_width=\u00a0\u00bb150%\u00a0\u00bb module_alignment=\u00a0\u00bbcenter\u00a0\u00bb min_height=\u00a0\u00bb120%\u00a0\u00bb height=\u00a0\u00bb120%\u00a0\u00bb custom_padding=\u00a0\u00bb0px|||||\u00a0\u00bb border_radii=\u00a0\u00bbon|10px|10px|10px|10px\u00a0\u00bb global_colors_info=\u00a0\u00bb{}\u00a0\u00bb][\/et_pb_image][\/et_pb_column][\/et_pb_row][et_pb_row column_structure=\u00a0\u00bb1_3,1_3,1_3&Prime; make_equal=\u00a0\u00bbon\u00a0\u00bb _builder_version=\u00a0\u00bb4.22.2&Prime; _module_preset=\u00a0\u00bbdefault\u00a0\u00bb width=\u00a0\u00bb90%\u00a0\u00bb max_width=\u00a0\u00bb80%\u00a0\u00bb custom_padding=\u00a0\u00bb55px|||||\u00a0\u00bb global_colors_info=\u00a0\u00bb{}\u00a0\u00bb][et_pb_column type=\u00a0\u00bb1_3&Prime; _builder_version=\u00a0\u00bb4.22.2&Prime; _module_preset=\u00a0\u00bbdefault\u00a0\u00bb global_colors_info=\u00a0\u00bb{}\u00a0\u00bb][\/et_pb_column][et_pb_column type=\u00a0\u00bb1_3&Prime; _builder_version=\u00a0\u00bb4.22.2&Prime; _module_preset=\u00a0\u00bbdefault\u00a0\u00bb custom_css_main_element=\u00a0\u00bbmargin:auto\u00a0\u00bb global_colors_info=\u00a0\u00bb{}\u00a0\u00bb][et_pb_image src=\u00a0\u00bbhttps:\/\/e-mobiliteit.lu\/wp-content\/uploads\/2023\/09\/Sce-E-mobiliteit-parkhaus-4.jpg\u00a0\u00bb title_text=\u00a0\u00bbSce E-mobiliteit parkhaus 4&Prime; _builder_version=\u00a0\u00bb4.22.2&Prime; _module_preset=\u00a0\u00bbdefault\u00a0\u00bb width=\u00a0\u00bb100%\u00a0\u00bb max_width=\u00a0\u00bb150%\u00a0\u00bb module_alignment=\u00a0\u00bbcenter\u00a0\u00bb min_height=\u00a0\u00bb120%\u00a0\u00bb height=\u00a0\u00bb120%\u00a0\u00bb custom_padding=\u00a0\u00bb0px|||||\u00a0\u00bb border_radii=\u00a0\u00bbon|10px|10px|10px|10px\u00a0\u00bb global_colors_info=\u00a0\u00bb{}\u00a0\u00bb][\/et_pb_image][\/et_pb_column][et_pb_column type=\u00a0\u00bb1_3&Prime; _builder_version=\u00a0\u00bb4.22.2&Prime; _module_preset=\u00a0\u00bbdefault\u00a0\u00bb global_colors_info=\u00a0\u00bb{}\u00a0\u00bb][et_pb_text _builder_version=\u00a0\u00bb4.22.2&Prime; _module_preset=\u00a0\u00bbdefault\u00a0\u00bb text_font=\u00a0\u00bbPoppins|600|||||||\u00a0\u00bb text_font_size=\u00a0\u00bb16px\u00a0\u00bb custom_margin=\u00a0\u00bb||20px||false|false\u00a0\u00bb global_colors_info=\u00a0\u00bb{}\u00a0\u00bb]<\/p>\n<p>Faites confiance \u00e0 l&rsquo;expertise des \u00ab\u00a0sp\u00e9cialistes des parkings souterrains\u00a0\u00bb.<\/p>\n<p>[\/et_pb_text][et_pb_text _builder_version=\u00a0\u00bb4.22.2&Prime; _module_preset=\u00a0\u00bbdefault\u00a0\u00bb text_font=\u00a0\u00bbPoppins|600|||||||\u00a0\u00bb text_text_color=\u00a0\u00bb#278bc2&Prime; text_font_size=\u00a0\u00bb24px\u00a0\u00bb global_colors_info=\u00a0\u00bb{}\u00a0\u00bb]<\/p>\n<p>Buy as you grow \u2013 Produits pour les parkings souterrains<\/p>\n<p>[\/et_pb_text][et_pb_text _builder_version=\u00a0\u00bb4.22.2&Prime; _module_preset=\u00a0\u00bbdefault\u00a0\u00bb text_font=\u00a0\u00bbPoppins||||||||\u00a0\u00bb text_font_size=\u00a0\u00bb16px\u00a0\u00bb custom_padding=\u00a0\u00bb||0px|||\u00a0\u00bb global_colors_info=\u00a0\u00bb{}\u00a0\u00bb]<\/p>\n<p>Nous proposons une gamme compl\u00e8te de produits et de solutions pour l&rsquo;e-mobilit\u00e9 dans les parkings couverts ou souterrains : concept, service, backend, sous-distribution, gestion dynamique de la charge, mise en service et service par un interlocuteur unique..<br \/>En plus de l&rsquo;offre de Wallbox et de bornes de recharge, le syst\u00e8me de distribution de courant par rail de Canalis ainsi que le syst\u00e8me de gestion dynamique de la charge EV Charging Expert sont les produits qui sont soit enti\u00e8rement optimis\u00e9es et permettent une \u00e9volution dans le temps. Buy as you grow &#8211; cela s&rsquo;applique aussi bien \u00e0 l&rsquo;extension modulaire du parking souterrain \u00e0 usage commercial qu&rsquo;aux places de parking souterrain qui doivent \u00eatre pr\u00e9-\u00e9quip\u00e9es et \u00e9quip\u00e9es \u00e0 terme de solutions de recharge.<\/p>\n<p>La s\u00e9curit\u00e9 d&rsquo;abord : Alors que la gestion dynamique de la charge veille \u00e0 ce que l&rsquo;\u00e9nergie pr\u00e9sente sur le raccordement de l&rsquo;immeuble soit intelligemment r\u00e9partie et que celui-ci ne soit jamais surcharg\u00e9, l&rsquo;utilisation du syst\u00e8me de distribution de courant sur rail de Canalis permet de r\u00e9duire le risque d&rsquo;incendie.<\/p>\n<p>[\/et_pb_text][\/et_pb_column][\/et_pb_row][\/et_pb_section][et_pb_section fb_built=\u00a0\u00bb1&Prime; _builder_version=\u00a0\u00bb4.22.2&Prime; _module_preset=\u00a0\u00bbdefault\u00a0\u00bb background_color=\u00a0\u00bb#154377&Prime; custom_margin=\u00a0\u00bb-17px|||||\u00a0\u00bb global_colors_info=\u00a0\u00bb{}\u00a0\u00bb][et_pb_row _builder_version=\u00a0\u00bb4.22.2&Prime; _module_preset=\u00a0\u00bbdefault\u00a0\u00bb global_colors_info=\u00a0\u00bb{}\u00a0\u00bb][et_pb_column type=\u00a0\u00bb4_4&Prime; _builder_version=\u00a0\u00bb4.22.2&Prime; _module_preset=\u00a0\u00bbdefault\u00a0\u00bb global_colors_info=\u00a0\u00bb{}\u00a0\u00bb][et_pb_text _builder_version=\u00a0\u00bb4.22.2&Prime; _module_preset=\u00a0\u00bbdefault\u00a0\u00bb text_font=\u00a0\u00bbPoppins|500|||||||\u00a0\u00bb text_text_color=\u00a0\u00bb#FFFFFF\u00a0\u00bb text_font_size=\u00a0\u00bb22px\u00a0\u00bb global_colors_info=\u00a0\u00bb{}\u00a0\u00bb]<\/p>\n<p>Misez sur l&rsquo;\u00e9lectromobilit\u00e9 !<\/p>\n<p>[\/et_pb_text][et_pb_text _builder_version=\u00a0\u00bb4.22.2&Prime; _module_preset=\u00a0\u00bbdefault\u00a0\u00bb text_font=\u00a0\u00bbPoppins|300|||||||\u00a0\u00bb text_text_color=\u00a0\u00bb#278bc2&Prime; text_font_size=\u00a0\u00bb24px\u00a0\u00bb global_colors_info=\u00a0\u00bb{}\u00a0\u00bb]<\/p>\n<p>Nous vous conseillons gratuitement sur l&rsquo;installation de l&rsquo;infrastructure de recharge dans le parking souterrain.<\/p>\n<p>[\/et_pb_text][et_pb_text _builder_version=\u00a0\u00bb4.22.2&Prime; _module_preset=\u00a0\u00bbdefault\u00a0\u00bb text_font=\u00a0\u00bbPoppins|300|||||||\u00a0\u00bb text_text_color=\u00a0\u00bb#FFFFFF\u00a0\u00bb text_font_size=\u00a0\u00bb18px\u00a0\u00bb global_colors_info=\u00a0\u00bb{}\u00a0\u00bb]<\/p>\n<p>Nous sommes les professionnels des parkings souterrains ! Nous nous occupons de la mise en place, de l&rsquo;exploitation et de la facturation de votre infrastructure de recharge dans le parking souterrain. N&rsquo;h\u00e9sitez pas \u00e0 nous contacter !<\/p>\n<p>[\/et_pb_text][et_pb_team_member name=\u00a0\u00bbSCE S\u00e0rl\u00a0\u00bb position=\u00a0\u00bbStephano D&apos;Angelo\u00a0\u00bb image_url=\u00a0\u00bbhttps:\/\/e-mobiliteit.lu\/wp-content\/uploads\/2023\/09\/Team-SCE-Stephano-dAngelo.jpg\u00a0\u00bb icon_color=\u00a0\u00bb#0000FF\u00a0\u00bb use_icon_font_size=\u00a0\u00bbon\u00a0\u00bb module_class=\u00a0\u00bbtbvs-person-circle-icon\u00a0\u00bb _builder_version=\u00a0\u00bb4.22.2&Prime; _module_preset=\u00a0\u00bbdefault\u00a0\u00bb header_font=\u00a0\u00bbPoppins|700|||||||\u00a0\u00bb header_text_color=\u00a0\u00bb#278bc2&Prime; header_font_size=\u00a0\u00bb18px\u00a0\u00bb header_line_height=\u00a0\u00bb1.1em\u00a0\u00bb body_font=\u00a0\u00bbPoppins||||||||\u00a0\u00bb body_text_color=\u00a0\u00bb#FFFFFF\u00a0\u00bb position_font=\u00a0\u00bbPoppins|600|||||||\u00a0\u00bb position_text_color=\u00a0\u00bb#FFFFFF\u00a0\u00bb position_font_size=\u00a0\u00bb18px\u00a0\u00bb body_link_text_color=\u00a0\u00bb#FFFFFF\u00a0\u00bb body_link_font_size=\u00a0\u00bb15px\u00a0\u00bb custom_margin_tablet=\u00a0\u00bb||30px||false|false\u00a0\u00bb custom_margin_phone=\u00a0\u00bb\u00a0\u00bb custom_margin_last_edited=\u00a0\u00bbon|tablet\u00a0\u00bb text_orientation_tablet=\u00a0\u00bb\u00a0\u00bb text_orientation_phone=\u00a0\u00bbcenter\u00a0\u00bb text_orientation_last_edited=\u00a0\u00bbon|phone\u00a0\u00bb custom_css_member_image=\u00a0\u00bbmax-width: 100px!important;||display: inline-block;||margin-bottom: 20px!important;||float: left;\u00a0\u00bb custom_css_member_description=\u00a0\u00bbmargin-left: 125px!important;\u00a0\u00bb border_radii_image=\u00a0\u00bbon|50%|50%|50%|50%\u00a0\u00bb border_width_all_image=\u00a0\u00bb3px\u00a0\u00bb border_color_all_image=\u00a0\u00bb#278bc2&Prime; box_shadow_style_image=\u00a0\u00bbpreset3&Prime; global_colors_info=\u00a0\u00bb{}\u00a0\u00bb icon_color__hover_enabled=\u00a0\u00bbon|desktop\u00a0\u00bb icon_color__hover=\u00a0\u00bb#181818&Prime; custom_css_member_image_last_edited=\u00a0\u00bbon|phone\u00a0\u00bb custom_css_member_image_tablet=\u00a0\u00bbmax-width: 100px!important;||display: inline-block;||margin: 0;||margin-bottom: 20px!important;||float: left;\u00a0\u00bb custom_css_member_description_last_edited=\u00a0\u00bbon|desktop\u00a0\u00bb custom_css_member_description_tablet=\u00a0\u00bbdisplay: block!important;||margin-left: 125px!important;\u00a0\u00bb custom_css_member_image_phone=\u00a0\u00bbmax-width: 100px!important;||display: inline-block;||margin: 0;||margin-bottom: 20px!important;||float: none;\u00a0\u00bb custom_css_member_description_phone=\u00a0\u00bbmargin-left: 0!important;\u00a0\u00bb]<\/p>\n<p><a href=\"mailto:stephano.dangelo@sce-international.lu\">stephano.dangelo@sce-international.lu<\/a><\/p>\n<p>[\/et_pb_team_member][et_pb_button button_url=\u00a0\u00bb@ET-DC@eyJkeW5hbWljIjp0cnVlLCJjb250ZW50IjoicG9zdF9saW5rX3VybF9wYWdlIiwic2V0dGluZ3MiOnsicG9zdF9pZCI6IjI1MjkifX0=@\u00a0\u00bb button_text=\u00a0\u00bbContactez-nous gratuitement d\u00e8s \u00e0 pr\u00e9sent\u00a0\u00bb _builder_version=\u00a0\u00bb4.22.2&Prime; _dynamic_attributes=\u00a0\u00bbbutton_url\u00a0\u00bb _module_preset=\u00a0\u00bbdefault\u00a0\u00bb custom_button=\u00a0\u00bbon\u00a0\u00bb button_text_size=\u00a0\u00bb18px\u00a0\u00bb button_text_color=\u00a0\u00bb#FFFFFF\u00a0\u00bb button_bg_color=\u00a0\u00bb#278bc2&Prime; button_border_width=\u00a0\u00bb0px\u00a0\u00bb button_font=\u00a0\u00bbPoppins|300|||||||\u00a0\u00bb global_colors_info=\u00a0\u00bb{}\u00a0\u00bb][\/et_pb_button][\/et_pb_column][\/et_pb_row][\/et_pb_section][et_pb_section fb_built=\u00a0\u00bb1&Prime; _builder_version=\u00a0\u00bb4.22.2&Prime; _module_preset=\u00a0\u00bbdefault\u00a0\u00bb background_color=\u00a0\u00bb#fcfcfc\u00a0\u00bb global_colors_info=\u00a0\u00bb{}\u00a0\u00bb][et_pb_row column_structure=\u00a0\u00bb1_3,1_3,1_3&Prime; make_equal=\u00a0\u00bbon\u00a0\u00bb module_id=\u00a0\u00bbargumente\u00a0\u00bb _builder_version=\u00a0\u00bb4.22.2&Prime; _module_preset=\u00a0\u00bbdefault\u00a0\u00bb max_width=\u00a0\u00bb75%\u00a0\u00bb global_colors_info=\u00a0\u00bb{}\u00a0\u00bb][et_pb_column type=\u00a0\u00bb1_3&Prime; _builder_version=\u00a0\u00bb4.22.2&Prime; _module_preset=\u00a0\u00bbdefault\u00a0\u00bb global_colors_info=\u00a0\u00bb{}\u00a0\u00bb][et_pb_text _builder_version=\u00a0\u00bb4.22.2&Prime; _module_preset=\u00a0\u00bbdefault\u00a0\u00bb text_font=\u00a0\u00bbPoppins||||||||\u00a0\u00bb text_font_size=\u00a0\u00bb30px\u00a0\u00bb text_line_height=\u00a0\u00bb1.4em\u00a0\u00bb header_2_font=\u00a0\u00bbPoppins|600|||||||\u00a0\u00bb header_2_font_size=\u00a0\u00bb30px\u00a0\u00bb global_colors_info=\u00a0\u00bb{}\u00a0\u00bb]<\/p>\n<h2>Avantages du chargement dans le parking souterrain<\/h2>\n<p>[\/et_pb_text][\/et_pb_column][et_pb_column type=\u00a0\u00bb1_3&Prime; _builder_version=\u00a0\u00bb4.22.2&Prime; _module_preset=\u00a0\u00bbdefault\u00a0\u00bb background_color=\u00a0\u00bb#FFFFFF\u00a0\u00bb custom_padding=\u00a0\u00bb15px|15px|15px|15px|true|true\u00a0\u00bb border_radii=\u00a0\u00bbon|10px|10px|10px|10px\u00a0\u00bb box_shadow_style=\u00a0\u00bbpreset1&Prime; global_colors_info=\u00a0\u00bb{}\u00a0\u00bb][et_pb_icon font_icon=\u00a0\u00bb&#xf1ad;||fa||400&Prime; icon_color=\u00a0\u00bb#278bc2&Prime; icon_width=\u00a0\u00bb50px\u00a0\u00bb align=\u00a0\u00bbleft\u00a0\u00bb _builder_version=\u00a0\u00bb4.22.2&Prime; _module_preset=\u00a0\u00bbdefault\u00a0\u00bb global_colors_info=\u00a0\u00bb{}\u00a0\u00bb][\/et_pb_icon][et_pb_text _builder_version=\u00a0\u00bb4.22.2&Prime; _module_preset=\u00a0\u00bbdefault\u00a0\u00bb text_font=\u00a0\u00bbPoppins|500|||||||\u00a0\u00bb text_font_size=\u00a0\u00bb25px\u00a0\u00bb text_line_height=\u00a0\u00bb1.4em\u00a0\u00bb hover_enabled=\u00a0\u00bb0&Prime; global_colors_info=\u00a0\u00bb{}\u00a0\u00bb sticky_enabled=\u00a0\u00bb0&Prime;]<\/p>\n<p>Solution de recharge le stationnement longue dur\u00e9e<\/p>\n<p>[\/et_pb_text][\/et_pb_column][et_pb_column type=\u00a0\u00bb1_3&Prime; _builder_version=\u00a0\u00bb4.22.2&Prime; _module_preset=\u00a0\u00bbdefault\u00a0\u00bb background_color=\u00a0\u00bb#FFFFFF\u00a0\u00bb custom_padding=\u00a0\u00bb15px|15px|15px|15px|true|true\u00a0\u00bb border_radii=\u00a0\u00bbon|10px|10px|10px|10px\u00a0\u00bb box_shadow_style=\u00a0\u00bbpreset1&Prime; global_colors_info=\u00a0\u00bb{}\u00a0\u00bb][et_pb_icon font_icon=\u00a0\u00bb&#xf1b9;||fa||900&Prime; icon_color=\u00a0\u00bb#278bc2&Prime; icon_width=\u00a0\u00bb50px\u00a0\u00bb align=\u00a0\u00bbleft\u00a0\u00bb _builder_version=\u00a0\u00bb4.22.2&Prime; _module_preset=\u00a0\u00bbdefault\u00a0\u00bb global_colors_info=\u00a0\u00bb{}\u00a0\u00bb][\/et_pb_icon][et_pb_text _builder_version=\u00a0\u00bb4.22.2&Prime; _module_preset=\u00a0\u00bbdefault\u00a0\u00bb text_font=\u00a0\u00bbPoppins|500|||||||\u00a0\u00bb text_font_size=\u00a0\u00bb25px\u00a0\u00bb text_line_height=\u00a0\u00bb1.4em\u00a0\u00bb global_colors_info=\u00a0\u00bb{}\u00a0\u00bb]<\/p>\n<p>Attractivit\u00e9 pour les utilisateurs de v\u00e9hicules \u00e9lectriques en stationnement<\/p>\n<p>[\/et_pb_text][\/et_pb_column][\/et_pb_row][et_pb_row column_structure=\u00a0\u00bb1_3,1_3,1_3&Prime; make_equal=\u00a0\u00bbon\u00a0\u00bb custom_padding_last_edited=\u00a0\u00bbon|phone\u00a0\u00bb _builder_version=\u00a0\u00bb4.22.2&Prime; _module_preset=\u00a0\u00bbdefault\u00a0\u00bb max_width=\u00a0\u00bb75%\u00a0\u00bb custom_padding_tablet=\u00a0\u00bb0px||||false|false\u00a0\u00bb custom_padding_phone=\u00a0\u00bb0px||||false|false\u00a0\u00bb global_colors_info=\u00a0\u00bb{}\u00a0\u00bb][et_pb_column type=\u00a0\u00bb1_3&Prime; _builder_version=\u00a0\u00bb4.22.2&Prime; _module_preset=\u00a0\u00bbdefault\u00a0\u00bb global_colors_info=\u00a0\u00bb{}\u00a0\u00bb][\/et_pb_column][et_pb_column type=\u00a0\u00bb1_3&Prime; _builder_version=\u00a0\u00bb4.22.2&Prime; _module_preset=\u00a0\u00bbdefault\u00a0\u00bb background_color=\u00a0\u00bb#FFFFFF\u00a0\u00bb custom_padding=\u00a0\u00bb15px|15px|15px|15px|true|true\u00a0\u00bb border_radii=\u00a0\u00bbon|10px|10px|10px|10px\u00a0\u00bb box_shadow_style=\u00a0\u00bbpreset1&Prime; global_colors_info=\u00a0\u00bb{}\u00a0\u00bb][et_pb_icon font_icon=\u00a0\u00bb&#xf24e;||fa||900&Prime; icon_color=\u00a0\u00bb#278bc2&Prime; icon_width=\u00a0\u00bb50px\u00a0\u00bb align=\u00a0\u00bbleft\u00a0\u00bb _builder_version=\u00a0\u00bb4.22.2&Prime; _module_preset=\u00a0\u00bbdefault\u00a0\u00bb global_colors_info=\u00a0\u00bb{}\u00a0\u00bb][\/et_pb_icon][et_pb_text _builder_version=\u00a0\u00bb4.22.2&Prime; _module_preset=\u00a0\u00bbdefault\u00a0\u00bb text_font=\u00a0\u00bbPoppins|500|||||||\u00a0\u00bb text_font_size=\u00a0\u00bb25px\u00a0\u00bb text_line_height=\u00a0\u00bb1.4em\u00a0\u00bb global_colors_info=\u00a0\u00bb{}\u00a0\u00bb]<\/p>\n<p>La loi impose l&rsquo;extension de l&rsquo;infrastructure de recharge dans les immeubles collectifs<\/p>\n<p>[\/et_pb_text][\/et_pb_column][et_pb_column type=\u00a0\u00bb1_3&Prime; _builder_version=\u00a0\u00bb4.22.2&Prime; _module_preset=\u00a0\u00bbdefault\u00a0\u00bb background_color=\u00a0\u00bb#FFFFFF\u00a0\u00bb custom_padding=\u00a0\u00bb15px|15px|15px|15px|true|true\u00a0\u00bb border_radii=\u00a0\u00bbon|10px|10px|10px|10px\u00a0\u00bb box_shadow_style=\u00a0\u00bbpreset1&Prime; global_colors_info=\u00a0\u00bb{}\u00a0\u00bb][et_pb_icon font_icon=\u00a0\u00bb&#xf5e7;||fa||900&Prime; icon_color=\u00a0\u00bb#278bc2&Prime; icon_width=\u00a0\u00bb50px\u00a0\u00bb align=\u00a0\u00bbleft\u00a0\u00bb _builder_version=\u00a0\u00bb4.22.2&Prime; _module_preset=\u00a0\u00bbdefault\u00a0\u00bb global_colors_info=\u00a0\u00bb{}\u00a0\u00bb][\/et_pb_icon][et_pb_text _builder_version=\u00a0\u00bb4.22.2&Prime; _module_preset=\u00a0\u00bbdefault\u00a0\u00bb text_font=\u00a0\u00bbPoppins|500|||||||\u00a0\u00bb text_font_size=\u00a0\u00bb25px\u00a0\u00bb text_line_height=\u00a0\u00bb1.4em\u00a0\u00bb global_colors_info=\u00a0\u00bb{}\u00a0\u00bb]<\/p>\n<p>Valeur ajout\u00e9e pour les exploitants d&rsquo;infrastructures de recharge<\/p>\n<p>[\/et_pb_text][\/et_pb_column][\/et_pb_row][\/et_pb_section][et_pb_section fb_built=\u00a0\u00bb1&Prime; _builder_version=\u00a0\u00bb4.22.2&Prime; _module_preset=\u00a0\u00bbdefault\u00a0\u00bb global_colors_info=\u00a0\u00bb{}\u00a0\u00bb][et_pb_row _builder_version=\u00a0\u00bb4.22.2&Prime; _module_preset=\u00a0\u00bbdefault\u00a0\u00bb max_width=\u00a0\u00bb75%\u00a0\u00bb global_colors_info=\u00a0\u00bb{}\u00a0\u00bb][et_pb_column type=\u00a0\u00bb4_4&Prime; _builder_version=\u00a0\u00bb4.22.2&Prime; _module_preset=\u00a0\u00bbdefault\u00a0\u00bb global_colors_info=\u00a0\u00bb{}\u00a0\u00bb][et_pb_text _builder_version=\u00a0\u00bb4.22.2&Prime; _module_preset=\u00a0\u00bbdefault\u00a0\u00bb text_font=\u00a0\u00bbPoppins||||||||\u00a0\u00bb text_font_size=\u00a0\u00bb30px\u00a0\u00bb text_line_height=\u00a0\u00bb1.4em\u00a0\u00bb header_2_font=\u00a0\u00bbPoppins|600|||||||\u00a0\u00bb header_2_font_size=\u00a0\u00bb30px\u00a0\u00bb global_colors_info=\u00a0\u00bb{}\u00a0\u00bb]<\/p>\n<h2>Stationnement et recharge durables<\/h2>\n<p>[\/et_pb_text][\/et_pb_column][\/et_pb_row][et_pb_row _builder_version=\u00a0\u00bb4.22.2&Prime; _module_preset=\u00a0\u00bbdefault\u00a0\u00bb max_width=\u00a0\u00bb75%\u00a0\u00bb global_colors_info=\u00a0\u00bb{}\u00a0\u00bb][et_pb_column type=\u00a0\u00bb4_4&Prime; _builder_version=\u00a0\u00bb4.22.2&Prime; _module_preset=\u00a0\u00bbdefault\u00a0\u00bb global_colors_info=\u00a0\u00bb{}\u00a0\u00bb][et_pb_video src=\u00a0\u00bbhttps:\/\/www.youtube.com\/watch?v=QMo0kg_VQT4&amp;t=2s\u00a0\u00bb _builder_version=\u00a0\u00bb4.22.2&Prime; _module_preset=\u00a0\u00bbdefault\u00a0\u00bb global_colors_info=\u00a0\u00bb{}\u00a0\u00bb][\/et_pb_video][\/et_pb_column][\/et_pb_row][\/et_pb_section][et_pb_section fb_built=\u00a0\u00bb1&Prime; _builder_version=\u00a0\u00bb4.22.2&Prime; _module_preset=\u00a0\u00bbdefault\u00a0\u00bb background_color=\u00a0\u00bb#f4f4f4&Prime; custom_padding=\u00a0\u00bb||26px|||\u00a0\u00bb global_colors_info=\u00a0\u00bb{}\u00a0\u00bb][et_pb_row column_structure=\u00a0\u00bb1_3,1_3,1_3&Prime; make_equal=\u00a0\u00bbon\u00a0\u00bb _builder_version=\u00a0\u00bb4.22.2&Prime; _module_preset=\u00a0\u00bbdefault\u00a0\u00bb width=\u00a0\u00bb90%\u00a0\u00bb max_width=\u00a0\u00bb80%\u00a0\u00bb global_module=\u00a0\u00bb2421&Prime; saved_tabs=\u00a0\u00bball\u00a0\u00bb global_colors_info=\u00a0\u00bb{}\u00a0\u00bb][et_pb_column type=\u00a0\u00bb1_3&Prime; _builder_version=\u00a0\u00bb4.22.2&Prime; _module_preset=\u00a0\u00bbdefault\u00a0\u00bb global_colors_info=\u00a0\u00bb{}\u00a0\u00bb][et_pb_text _builder_version=\u00a0\u00bb4.22.2&Prime; _module_preset=\u00a0\u00bbdefault\u00a0\u00bb text_font=\u00a0\u00bbPoppins||||||||\u00a0\u00bb text_font_size=\u00a0\u00bb30px\u00a0\u00bb text_line_height=\u00a0\u00bb1.4em\u00a0\u00bb global_colors_info=\u00a0\u00bb{}\u00a0\u00bb]<\/p>\n<h3>Votre contact<\/h3>\n<p>[\/et_pb_text][\/et_pb_column][et_pb_column type=\u00a0\u00bb1_3&Prime; _builder_version=\u00a0\u00bb4.22.2&Prime; _module_preset=\u00a0\u00bbdefault\u00a0\u00bb global_colors_info=\u00a0\u00bb{}\u00a0\u00bb][et_pb_team_member name=\u00a0\u00bbSCE S\u00e0rl\u00a0\u00bb position=\u00a0\u00bbStephano D&apos;Angelo\u00a0\u00bb image_url=\u00a0\u00bbhttps:\/\/e-mobiliteit.lu\/wp-content\/uploads\/2023\/09\/Team-SCE-Stephano-dAngelo.jpg\u00a0\u00bb icon_color=\u00a0\u00bb#0000FF\u00a0\u00bb use_icon_font_size=\u00a0\u00bbon\u00a0\u00bb module_class=\u00a0\u00bbtbvs-person-circle-icon\u00a0\u00bb _builder_version=\u00a0\u00bb4.22.2&Prime; _module_preset=\u00a0\u00bbdefault\u00a0\u00bb header_font=\u00a0\u00bbPoppins|700|||||||\u00a0\u00bb header_text_color=\u00a0\u00bb#278bc2&Prime; header_font_size=\u00a0\u00bb18px\u00a0\u00bb header_line_height=\u00a0\u00bb1.1em\u00a0\u00bb body_font=\u00a0\u00bbPoppins||||||||\u00a0\u00bb body_text_color=\u00a0\u00bb#333333&Prime; position_font=\u00a0\u00bbPoppins|600|||||||\u00a0\u00bb position_text_color=\u00a0\u00bb#000000&Prime; position_font_size=\u00a0\u00bb18px\u00a0\u00bb body_link_text_color=\u00a0\u00bb#333333&Prime; body_link_font_size=\u00a0\u00bb15px\u00a0\u00bb custom_margin_tablet=\u00a0\u00bb||30px||false|false\u00a0\u00bb custom_margin_phone=\u00a0\u00bb\u00a0\u00bb custom_margin_last_edited=\u00a0\u00bbon|tablet\u00a0\u00bb text_orientation_tablet=\u00a0\u00bb\u00a0\u00bb text_orientation_phone=\u00a0\u00bbcenter\u00a0\u00bb text_orientation_last_edited=\u00a0\u00bbon|phone\u00a0\u00bb custom_css_member_image=\u00a0\u00bbmax-width: 100px!important;||display: inline-block;||margin-bottom: 20px!important;||float: left;\u00a0\u00bb custom_css_member_description=\u00a0\u00bbmargin-left: 125px!important;\u00a0\u00bb border_radii_image=\u00a0\u00bbon|50%|50%|50%|50%\u00a0\u00bb border_width_all_image=\u00a0\u00bb3px\u00a0\u00bb border_color_all_image=\u00a0\u00bb#278bc2&Prime; box_shadow_style_image=\u00a0\u00bbpreset3&Prime; global_colors_info=\u00a0\u00bb{}\u00a0\u00bb icon_color__hover_enabled=\u00a0\u00bbon|desktop\u00a0\u00bb icon_color__hover=\u00a0\u00bb#181818&Prime; custom_css_member_image_last_edited=\u00a0\u00bbon|phone\u00a0\u00bb custom_css_member_image_tablet=\u00a0\u00bbmax-width: 100px!important;||display: inline-block;||margin: 0;||margin-bottom: 20px!important;||float: left;\u00a0\u00bb custom_css_member_description_last_edited=\u00a0\u00bbon|desktop\u00a0\u00bb custom_css_member_description_tablet=\u00a0\u00bbdisplay: block!important;||margin-left: 125px!important;\u00a0\u00bb custom_css_member_image_phone=\u00a0\u00bbmax-width: 100px!important;||display: inline-block;||margin: 0;||margin-bottom: 20px!important;||float: none;\u00a0\u00bb custom_css_member_description_phone=\u00a0\u00bbmargin-left: 0!important;\u00a0\u00bb]<\/p>\n<p><a href=\"mailto:stephano.dangelo@sce-international.lu\">stephano.dangelo@sce-international.lu<\/a><\/p>\n<p>[\/et_pb_team_member][\/et_pb_column][et_pb_column type=\u00a0\u00bb1_3&Prime; _builder_version=\u00a0\u00bb4.22.2&Prime; _module_preset=\u00a0\u00bbdefault\u00a0\u00bb global_colors_info=\u00a0\u00bb{}\u00a0\u00bb][\/et_pb_column][\/et_pb_row][\/et_pb_section][et_pb_section fb_built=\u00a0\u00bb1&Prime; _builder_version=\u00a0\u00bb4.22.2&Prime; _module_preset=\u00a0\u00bbdefault\u00a0\u00bb global_module=\u00a0\u00bb2696&Prime; saved_tabs=\u00a0\u00bball\u00a0\u00bb global_colors_info=\u00a0\u00bb{}\u00a0\u00bb][et_pb_row _builder_version=\u00a0\u00bb4.22.2&Prime; _module_preset=\u00a0\u00bbdefault\u00a0\u00bb global_colors_info=\u00a0\u00bb{}\u00a0\u00bb][et_pb_column type=\u00a0\u00bb4_4&Prime; _builder_version=\u00a0\u00bb4.22.2&Prime; _module_preset=\u00a0\u00bbdefault\u00a0\u00bb global_colors_info=\u00a0\u00bb{}\u00a0\u00bb][et_pb_text _builder_version=\u00a0\u00bb4.22.2&Prime; _module_preset=\u00a0\u00bbdefault\u00a0\u00bb text_font=\u00a0\u00bbPoppins|600|||||||\u00a0\u00bb text_text_color=\u00a0\u00bb#154377&Prime; text_font_size=\u00a0\u00bb25px\u00a0\u00bb global_colors_info=\u00a0\u00bb{}\u00a0\u00bb]<\/p>\n<p style=\"text-align: center;\">Nos solutions :<\/p>\n<p>[\/et_pb_text][\/et_pb_column][\/et_pb_row][et_pb_row column_structure=\u00a0\u00bb1_2,1_2&Prime; make_equal=\u00a0\u00bbon\u00a0\u00bb _builder_version=\u00a0\u00bb4.22.2&Prime; _module_preset=\u00a0\u00bbdefault\u00a0\u00bb width=\u00a0\u00bb90%\u00a0\u00bb width_tablet=\u00a0\u00bb90%\u00a0\u00bb width_phone=\u00a0\u00bb\u00a0\u00bb width_last_edited=\u00a0\u00bbon|tablet\u00a0\u00bb max_width=\u00a0\u00bb70%\u00a0\u00bb max_width_tablet=\u00a0\u00bb80%\u00a0\u00bb max_width_phone=\u00a0\u00bb\u00a0\u00bb max_width_last_edited=\u00a0\u00bbon|phone\u00a0\u00bb global_colors_info=\u00a0\u00bb{}\u00a0\u00bb][et_pb_column type=\u00a0\u00bb1_2&Prime; _builder_version=\u00a0\u00bb4.22.2&Prime; _module_preset=\u00a0\u00bbdefault\u00a0\u00bb use_background_color_gradient=\u00a0\u00bbon\u00a0\u00bb background_color_gradient_stops=\u00a0\u00bbrgba(0,0,0,0.6) 0%|rgba(0,0,0,0.7) 100%\u00a0\u00bb background_color_gradient_overlays_image=\u00a0\u00bbon\u00a0\u00bb background_image=\u00a0\u00bbhttps:\/\/e-mobiliteit.lu\/wp-content\/uploads\/2023\/09\/Sce-E-mobiliteit-menu-Tiefgarage.jpg\u00a0\u00bb custom_padding=\u00a0\u00bb20px|20px|20px|20px|true|true\u00a0\u00bb border_radii=\u00a0\u00bbon|10px|10px|10px|10px\u00a0\u00bb global_colors_info=\u00a0\u00bb{}\u00a0\u00bb][et_pb_text _builder_version=\u00a0\u00bb4.22.2&Prime; _module_preset=\u00a0\u00bbdefault\u00a0\u00bb text_font=\u00a0\u00bbPoppins||||||||\u00a0\u00bb text_text_color=\u00a0\u00bb#278bc2&Prime; text_font_size=\u00a0\u00bb20px\u00a0\u00bb header_3_font=\u00a0\u00bbPoppins||||||||\u00a0\u00bb header_3_text_color=\u00a0\u00bb#278bc2&Prime; global_colors_info=\u00a0\u00bb{}\u00a0\u00bb]<\/p>\n<h3>Recharge dans un parking souterrain<\/h3>\n<p>[\/et_pb_text][et_pb_text _builder_version=\u00a0\u00bb4.22.2&Prime; _module_preset=\u00a0\u00bbdefault\u00a0\u00bb text_font=\u00a0\u00bbPoppins||||||||\u00a0\u00bb text_text_color=\u00a0\u00bb#FFFFFF\u00a0\u00bb text_font_size=\u00a0\u00bb17px\u00a0\u00bb global_colors_info=\u00a0\u00bb{}\u00a0\u00bb]<\/p>\n<p>L&rsquo;espace de stationnement devient de plus en plus pr\u00e9cieux. En milieu urbain, le parking souterrain joue un r\u00f4le cl\u00e9. Y compris pour l&rsquo;\u00e9lectromobilit\u00e9. Nous r\u00e9alisons pour vous des projets complexes d&rsquo;infrastructure de recharge dans les parkings souterrains.<\/p>\n<p>[\/et_pb_text][et_pb_button button_url=\u00a0\u00bb@ET-DC@eyJkeW5hbWljIjp0cnVlLCJjb250ZW50IjoicG9zdF9saW5rX3VybF9wYWdlIiwic2V0dGluZ3MiOnsicG9zdF9pZCI6IjI0NzIifX0=@\u00a0\u00bb button_text=\u00a0\u00bbEn savoir plus\u00a0\u00bb _builder_version=\u00a0\u00bb4.22.2&Prime; _dynamic_attributes=\u00a0\u00bbbutton_url\u00a0\u00bb _module_preset=\u00a0\u00bbdefault\u00a0\u00bb custom_button=\u00a0\u00bbon\u00a0\u00bb button_text_color=\u00a0\u00bb#278bc2&Prime; button_border_width=\u00a0\u00bb0px\u00a0\u00bb button_font=\u00a0\u00bbPoppins||||||||\u00a0\u00bb button_icon=\u00a0\u00bb&#x45;||divi||400&Prime; button_on_hover=\u00a0\u00bboff\u00a0\u00bb global_colors_info=\u00a0\u00bb{}\u00a0\u00bb button_bg_color__hover_enabled=\u00a0\u00bbon|hover\u00a0\u00bb button_bg_color__hover=\u00a0\u00bbRGBA(255,255,255,0)\u00a0\u00bb button_bg_enable_color__hover=\u00a0\u00bbon\u00a0\u00bb][\/et_pb_button][\/et_pb_column][et_pb_column type=\u00a0\u00bb1_2&Prime; _builder_version=\u00a0\u00bb4.22.2&Prime; _module_preset=\u00a0\u00bbdefault\u00a0\u00bb use_background_color_gradient=\u00a0\u00bbon\u00a0\u00bb background_color_gradient_stops=\u00a0\u00bbrgba(0,0,0,0.6) 0%|rgba(0,0,0,0.7) 100%\u00a0\u00bb background_color_gradient_overlays_image=\u00a0\u00bbon\u00a0\u00bb background_image=\u00a0\u00bbhttps:\/\/e-mobiliteit.lu\/wp-content\/uploads\/2023\/09\/Sce-E-mobiliteit-menu-Firmenfuhrparks.jpg\u00a0\u00bb custom_padding=\u00a0\u00bb20px|20px|20px|20px|true|true\u00a0\u00bb border_radii=\u00a0\u00bbon|10px|10px|10px|10px\u00a0\u00bb global_colors_info=\u00a0\u00bb{}\u00a0\u00bb][et_pb_text _builder_version=\u00a0\u00bb4.22.2&Prime; _module_preset=\u00a0\u00bbdefault\u00a0\u00bb text_font=\u00a0\u00bbPoppins||||||||\u00a0\u00bb text_text_color=\u00a0\u00bb#278bc2&Prime; text_font_size=\u00a0\u00bb20px\u00a0\u00bb header_3_font=\u00a0\u00bbPoppins||||||||\u00a0\u00bb header_3_text_color=\u00a0\u00bb#278bc2&Prime; global_colors_info=\u00a0\u00bb{}\u00a0\u00bb]<\/p>\n<h3>\u00c9lectrification des flottes de v\u00e9hicules \/ parcs de v\u00e9hicules d&rsquo;entreprise<\/h3>\n<p>[\/et_pb_text][et_pb_text _builder_version=\u00a0\u00bb4.22.2&Prime; _module_preset=\u00a0\u00bbdefault\u00a0\u00bb text_font=\u00a0\u00bbPoppins||||||||\u00a0\u00bb text_text_color=\u00a0\u00bb#FFFFFF\u00a0\u00bb text_font_size=\u00a0\u00bb17px\u00a0\u00bb global_colors_info=\u00a0\u00bb{}\u00a0\u00bb]<\/p>\n<p>La conversion du parc automobile de l&rsquo;entreprise en v\u00e9hicules enti\u00e8rement \u00e9lectriques pr\u00e9sente plusieurs avantages. Atteignez vos objectifs de durabilit\u00e9 tout en r\u00e9duisant vos co\u00fbts, y compris en profitant des programmes de soutien gouvernementaux.<\/p>\n<p>[\/et_pb_text][et_pb_button button_url=\u00a0\u00bb@ET-DC@eyJkeW5hbWljIjp0cnVlLCJjb250ZW50IjoicG9zdF9saW5rX3VybF9wYWdlIiwic2V0dGluZ3MiOnsicG9zdF9pZCI6IjQ2In19@\u00a0\u00bb button_text=\u00a0\u00bbEn savoir plus\u00a0\u00bb _builder_version=\u00a0\u00bb4.22.2&Prime; _dynamic_attributes=\u00a0\u00bbbutton_url\u00a0\u00bb _module_preset=\u00a0\u00bbdefault\u00a0\u00bb custom_button=\u00a0\u00bbon\u00a0\u00bb button_text_color=\u00a0\u00bb#278bc2&Prime; button_border_width=\u00a0\u00bb0px\u00a0\u00bb button_font=\u00a0\u00bbPoppins||||||||\u00a0\u00bb button_icon=\u00a0\u00bb&#x45;||divi||400&Prime; button_on_hover=\u00a0\u00bboff\u00a0\u00bb global_colors_info=\u00a0\u00bb{}\u00a0\u00bb button_bg_color__hover_enabled=\u00a0\u00bbon|hover\u00a0\u00bb button_bg_color__hover=\u00a0\u00bbRGBA(255,255,255,0)\u00a0\u00bb button_bg_enable_color__hover=\u00a0\u00bbon\u00a0\u00bb][\/et_pb_button][\/et_pb_column][\/et_pb_row][et_pb_row column_structure=\u00a0\u00bb1_2,1_2&Prime; make_equal=\u00a0\u00bbon\u00a0\u00bb _builder_version=\u00a0\u00bb4.22.2&Prime; _module_preset=\u00a0\u00bbdefault\u00a0\u00bb width=\u00a0\u00bb90%\u00a0\u00bb width_tablet=\u00a0\u00bb90%\u00a0\u00bb width_phone=\u00a0\u00bb\u00a0\u00bb width_last_edited=\u00a0\u00bbon|tablet\u00a0\u00bb max_width=\u00a0\u00bb70%\u00a0\u00bb max_width_tablet=\u00a0\u00bb80%\u00a0\u00bb max_width_phone=\u00a0\u00bb\u00a0\u00bb max_width_last_edited=\u00a0\u00bbon|phone\u00a0\u00bb custom_margin=\u00a0\u00bb0px||||false|false\u00a0\u00bb custom_padding=\u00a0\u00bb0px||||false|false\u00a0\u00bb global_colors_info=\u00a0\u00bb{}\u00a0\u00bb][et_pb_column type=\u00a0\u00bb1_2&Prime; _builder_version=\u00a0\u00bb4.22.2&Prime; _module_preset=\u00a0\u00bbdefault\u00a0\u00bb use_background_color_gradient=\u00a0\u00bbon\u00a0\u00bb background_color_gradient_stops=\u00a0\u00bbrgba(0,0,0,0.6) 0%|rgba(0,0,0,0.7) 100%\u00a0\u00bb background_color_gradient_overlays_image=\u00a0\u00bbon\u00a0\u00bb background_image=\u00a0\u00bbhttps:\/\/e-mobiliteit.lu\/wp-content\/uploads\/2023\/09\/Sce-E-mobiliteit-menu-Gebaude-laden.jpg\u00a0\u00bb custom_padding=\u00a0\u00bb20px|20px|20px|20px|true|true\u00a0\u00bb border_radii=\u00a0\u00bbon|10px|10px|10px|10px\u00a0\u00bb global_colors_info=\u00a0\u00bb{}\u00a0\u00bb][et_pb_text _builder_version=\u00a0\u00bb4.22.2&Prime; _module_preset=\u00a0\u00bbdefault\u00a0\u00bb text_font=\u00a0\u00bbPoppins||||||||\u00a0\u00bb text_text_color=\u00a0\u00bb#278bc2&Prime; text_font_size=\u00a0\u00bb20px\u00a0\u00bb header_3_font=\u00a0\u00bbPoppins||||||||\u00a0\u00bb header_3_text_color=\u00a0\u00bb#278bc2&Prime; global_colors_info=\u00a0\u00bb{}\u00a0\u00bb]<\/p>\n<h3>B\u00e2timent commercial<\/h3>\n<p>[\/et_pb_text][et_pb_text _builder_version=\u00a0\u00bb4.22.2&Prime; _module_preset=\u00a0\u00bbdefault\u00a0\u00bb text_font=\u00a0\u00bbPoppins||||||||\u00a0\u00bb text_text_color=\u00a0\u00bb#FFFFFF\u00a0\u00bb text_font_size=\u00a0\u00bb17px\u00a0\u00bb global_colors_info=\u00a0\u00bb{}\u00a0\u00bb]<\/p>\n<p>Des stations de recharge fiables et intelligentes avec une gestion dynamique de la charge et des appareils de protection adapt\u00e9s et s\u00fbrs &#8211; nous proposons tous les \u00e9l\u00e9ments n\u00e9cessaires \u00e0 une infrastructure de recharge s\u00fbre et modulable. En outre, un conseil, une gestion, un service et une tarification personnalis\u00e9s. Un seul interlocuteur.<\/p>\n<p>[\/et_pb_text][et_pb_button button_url=\u00a0\u00bb@ET-DC@eyJkeW5hbWljIjp0cnVlLCJjb250ZW50IjoicG9zdF9saW5rX3VybF9wYWdlIiwic2V0dGluZ3MiOnsicG9zdF9pZCI6IjI0NTkifX0=@\u00a0\u00bb button_text=\u00a0\u00bbEn savoir plus\u00a0\u00bb _builder_version=\u00a0\u00bb4.22.2&Prime; _dynamic_attributes=\u00a0\u00bbbutton_url\u00a0\u00bb _module_preset=\u00a0\u00bbdefault\u00a0\u00bb custom_button=\u00a0\u00bbon\u00a0\u00bb button_text_color=\u00a0\u00bb#278bc2&Prime; button_border_width=\u00a0\u00bb0px\u00a0\u00bb button_font=\u00a0\u00bbPoppins||||||||\u00a0\u00bb button_icon=\u00a0\u00bb&#x45;||divi||400&Prime; button_on_hover=\u00a0\u00bboff\u00a0\u00bb global_colors_info=\u00a0\u00bb{}\u00a0\u00bb button_bg_color__hover_enabled=\u00a0\u00bbon|hover\u00a0\u00bb button_bg_color__hover=\u00a0\u00bbRGBA(255,255,255,0)\u00a0\u00bb button_bg_enable_color__hover=\u00a0\u00bbon\u00a0\u00bb][\/et_pb_button][\/et_pb_column][et_pb_column type=\u00a0\u00bb1_2&Prime; _builder_version=\u00a0\u00bb4.22.2&Prime; _module_preset=\u00a0\u00bbdefault\u00a0\u00bb use_background_color_gradient=\u00a0\u00bbon\u00a0\u00bb background_color_gradient_stops=\u00a0\u00bbrgba(0,0,0,0.6) 0%|rgba(0,0,0,0.7) 100%\u00a0\u00bb background_color_gradient_overlays_image=\u00a0\u00bbon\u00a0\u00bb background_image=\u00a0\u00bbhttps:\/\/e-mobiliteit.lu\/wp-content\/uploads\/2023\/09\/Sce-E-mobiliteit-menu-Zuhause-laden.jpg\u00a0\u00bb custom_padding=\u00a0\u00bb20px|20px|20px|20px|true|true\u00a0\u00bb border_radii=\u00a0\u00bbon|10px|10px|10px|10px\u00a0\u00bb global_colors_info=\u00a0\u00bb{}\u00a0\u00bb][et_pb_text _builder_version=\u00a0\u00bb4.22.2&Prime; _module_preset=\u00a0\u00bbdefault\u00a0\u00bb text_font=\u00a0\u00bbPoppins||||||||\u00a0\u00bb text_text_color=\u00a0\u00bb#278bc2&Prime; text_font_size=\u00a0\u00bb20px\u00a0\u00bb header_3_font=\u00a0\u00bbPoppins||||||||\u00a0\u00bb header_3_text_color=\u00a0\u00bb#278bc2&Prime; global_colors_info=\u00a0\u00bb{}\u00a0\u00bb]<\/p>\n<h3>\u00c0 domicile<\/h3>\n<p>[\/et_pb_text][et_pb_text _builder_version=\u00a0\u00bb4.22.2&Prime; _module_preset=\u00a0\u00bbdefault\u00a0\u00bb text_font=\u00a0\u00bbPoppins||||||||\u00a0\u00bb text_text_color=\u00a0\u00bb#FFFFFF\u00a0\u00bb text_font_size=\u00a0\u00bb17px\u00a0\u00bb global_colors_info=\u00a0\u00bb{}\u00a0\u00bb]<\/p>\n<p>Des stations de recharge intelligentes, y compris une application pour la gestion et la surveillance, la m\u00e9thode de distribution appropri\u00e9e et des appareils de protection fiables &#8211; le tout fourni par un seul et m\u00eame fournisseur pour une infrastructure de recharge moderne dans le secteur r\u00e9sidentiel.<\/p>\n<p>[\/et_pb_text][et_pb_button button_url=\u00a0\u00bb@ET-DC@eyJkeW5hbWljIjp0cnVlLCJjb250ZW50IjoicG9zdF9saW5rX3VybF9wYWdlIiwic2V0dGluZ3MiOnsicG9zdF9pZCI6IjI0MjcifX0=@\u00a0\u00bb button_text=\u00a0\u00bbEn savoir plus\u00a0\u00bb _builder_version=\u00a0\u00bb4.22.2&Prime; _dynamic_attributes=\u00a0\u00bbbutton_url\u00a0\u00bb _module_preset=\u00a0\u00bbdefault\u00a0\u00bb custom_button=\u00a0\u00bbon\u00a0\u00bb button_text_color=\u00a0\u00bb#278bc2&Prime; button_border_width=\u00a0\u00bb0px\u00a0\u00bb button_font=\u00a0\u00bbPoppins||||||||\u00a0\u00bb button_icon=\u00a0\u00bb&#x45;||divi||400&Prime; button_on_hover=\u00a0\u00bboff\u00a0\u00bb global_colors_info=\u00a0\u00bb{}\u00a0\u00bb button_bg_color__hover_enabled=\u00a0\u00bbon|hover\u00a0\u00bb button_bg_color__hover=\u00a0\u00bbRGBA(255,255,255,0)\u00a0\u00bb button_bg_enable_color__hover=\u00a0\u00bbon\u00a0\u00bb][\/et_pb_button][\/et_pb_column][\/et_pb_row][\/et_pb_section][et_pb_section fb_built=\u00a0\u00bb1&Prime; _builder_version=\u00a0\u00bb4.22.2&Prime; _module_preset=\u00a0\u00bbdefault\u00a0\u00bb custom_padding=\u00a0\u00bb3px|||||\u00a0\u00bb global_module=\u00a0\u00bb2585&Prime; saved_tabs=\u00a0\u00bball\u00a0\u00bb global_colors_info=\u00a0\u00bb{}\u00a0\u00bb][et_pb_row column_structure=\u00a0\u00bb1_2,1_2&Prime; make_equal=\u00a0\u00bbon\u00a0\u00bb _builder_version=\u00a0\u00bb4.22.2&Prime; _module_preset=\u00a0\u00bbdefault\u00a0\u00bb max_width=\u00a0\u00bb75%\u00a0\u00bb global_colors_info=\u00a0\u00bb{}\u00a0\u00bb][et_pb_column type=\u00a0\u00bb1_2&Prime; _builder_version=\u00a0\u00bb4.22.2&Prime; _module_preset=\u00a0\u00bbdefault\u00a0\u00bb custom_padding=\u00a0\u00bb20px|20px|20px|20px|true|true\u00a0\u00bb border_radii=\u00a0\u00bbon|10px|10px|10px|10px\u00a0\u00bb box_shadow_style=\u00a0\u00bbpreset1&Prime; global_colors_info=\u00a0\u00bb{}\u00a0\u00bb][et_pb_blurb title=\u00a0\u00bbWallbox\u00a0\u00bb image=\u00a0\u00bbhttps:\/\/e-mobiliteit.lu\/wp-content\/uploads\/2023\/09\/SCE-Produkt-EVlink-Pro-AC.jpg\u00a0\u00bb image_icon_width=\u00a0\u00bb30%\u00a0\u00bb _builder_version=\u00a0\u00bb4.22.2&Prime; _module_preset=\u00a0\u00bbdefault\u00a0\u00bb header_font=\u00a0\u00bbPoppins||||||||\u00a0\u00bb header_text_color=\u00a0\u00bb#278bc2&Prime; header_font_size=\u00a0\u00bb25px\u00a0\u00bb body_font=\u00a0\u00bbPoppins||||||||\u00a0\u00bb body_font_size=\u00a0\u00bb17px\u00a0\u00bb image_icon_custom_margin=\u00a0\u00bb|||-50px|false|false\u00a0\u00bb image_icon_custom_margin_tablet=\u00a0\u00bb\u00a0\u00bb image_icon_custom_margin_phone=\u00a0\u00bb|||0px|false|false\u00a0\u00bb image_icon_custom_margin_last_edited=\u00a0\u00bbon|phone\u00a0\u00bb image_icon_custom_padding=\u00a0\u00bb||||false|false\u00a0\u00bb custom_margin=\u00a0\u00bb|||0px|false|false\u00a0\u00bb global_colors_info=\u00a0\u00bb{}\u00a0\u00bb]<\/p>\n<p>Recharger en toute s\u00e9curit\u00e9 et, si n\u00e9cessaire, conform\u00e9ment \u00e0 la l\u00e9gislation : \u00e0 la maison, en d\u00e9placement ou dans l&rsquo;entreprise. Connect\u00e9 ou non &#8211; avec nos Wallbox.<\/p>\n<p>[\/et_pb_blurb][et_pb_button button_url=\u00a0\u00bb@ET-DC@eyJkeW5hbWljIjp0cnVlLCJjb250ZW50IjoicG9zdF9saW5rX3VybF9wYWdlIiwic2V0dGluZ3MiOnsicG9zdF9pZCI6IjI0OTMifX0=@\u00a0\u00bb button_text=\u00a0\u00bbEn savoir plus\u00a0\u00bb button_alignment=\u00a0\u00bbright\u00a0\u00bb _builder_version=\u00a0\u00bb4.22.2&Prime; _dynamic_attributes=\u00a0\u00bbbutton_url\u00a0\u00bb _module_preset=\u00a0\u00bbdefault\u00a0\u00bb custom_button=\u00a0\u00bbon\u00a0\u00bb button_text_size=\u00a0\u00bb18px\u00a0\u00bb button_text_color=\u00a0\u00bb#000000&Prime; button_font=\u00a0\u00bbPoppins||||||||\u00a0\u00bb global_colors_info=\u00a0\u00bb{}\u00a0\u00bb button_bg_color__hover_enabled=\u00a0\u00bbon|hover\u00a0\u00bb button_bg_color__hover=\u00a0\u00bbRGBA(255,255,255,0)\u00a0\u00bb button_bg_enable_color__hover=\u00a0\u00bbon\u00a0\u00bb][\/et_pb_button][\/et_pb_column][et_pb_column type=\u00a0\u00bb1_2&Prime; _builder_version=\u00a0\u00bb4.22.2&Prime; _module_preset=\u00a0\u00bbdefault\u00a0\u00bb custom_padding=\u00a0\u00bb20px|20px|20px|20px|true|true\u00a0\u00bb border_radii=\u00a0\u00bbon|10px|10px|10px|10px\u00a0\u00bb box_shadow_style=\u00a0\u00bbpreset1&Prime; global_colors_info=\u00a0\u00bb{}\u00a0\u00bb][et_pb_blurb title=\u00a0\u00bbSolutions de recharge pour les b\u00e2timents fonctionnels\u00a0\u00bb image=\u00a0\u00bbhttps:\/\/e-mobiliteit.lu\/wp-content\/uploads\/2023\/10\/image-3.png\u00a0\u00bb image_icon_width=\u00a0\u00bb100%\u00a0\u00bb icon_alignment=\u00a0\u00bbleft\u00a0\u00bb image_icon_width_tablet=\u00a0\u00bb80%\u00a0\u00bb image_icon_width_phone=\u00a0\u00bb60%\u00a0\u00bb image_icon_width_last_edited=\u00a0\u00bbon|phone\u00a0\u00bb _builder_version=\u00a0\u00bb4.22.2&Prime; _module_preset=\u00a0\u00bbdefault\u00a0\u00bb header_font=\u00a0\u00bbPoppins||||||||\u00a0\u00bb header_text_color=\u00a0\u00bb#278bc2&Prime; header_font_size=\u00a0\u00bb25px\u00a0\u00bb body_font=\u00a0\u00bbPoppins||||||||\u00a0\u00bb body_font_size=\u00a0\u00bb17px\u00a0\u00bb image_icon_custom_margin=\u00a0\u00bb|||-50px|false|false\u00a0\u00bb image_icon_custom_margin_tablet=\u00a0\u00bb\u00a0\u00bb image_icon_custom_margin_phone=\u00a0\u00bb|||-20px|false|false\u00a0\u00bb image_icon_custom_margin_last_edited=\u00a0\u00bbon|phone\u00a0\u00bb image_icon_custom_padding=\u00a0\u00bb||||false|false\u00a0\u00bb custom_margin=\u00a0\u00bb|||0px|false|false\u00a0\u00bb global_colors_info=\u00a0\u00bb{}\u00a0\u00bb]<\/p>\n<p>Nous proposons des solutions d&rsquo;infrastructure adapt\u00e9es aux entreprises. Id\u00e9al pour le montage int\u00e9rieur et ext\u00e9rieur. A l&rsquo;\u00e9preuve du temps et toujours \u00e0 jour.<\/p>\n<p>[\/et_pb_blurb][et_pb_button button_url=\u00a0\u00bb@ET-DC@eyJkeW5hbWljIjp0cnVlLCJjb250ZW50IjoicG9zdF9saW5rX3VybF9wYWdlIiwic2V0dGluZ3MiOnsicG9zdF9pZCI6IjI0NTkifX0=@\u00a0\u00bb button_text=\u00a0\u00bbEn savoir plus\u00a0\u00bb button_alignment=\u00a0\u00bbright\u00a0\u00bb _builder_version=\u00a0\u00bb4.22.2&Prime; _dynamic_attributes=\u00a0\u00bbbutton_url\u00a0\u00bb _module_preset=\u00a0\u00bbdefault\u00a0\u00bb custom_button=\u00a0\u00bbon\u00a0\u00bb button_text_size=\u00a0\u00bb18px\u00a0\u00bb button_text_color=\u00a0\u00bb#000000&Prime; button_font=\u00a0\u00bbPoppins||||||||\u00a0\u00bb global_colors_info=\u00a0\u00bb{}\u00a0\u00bb button_bg_color__hover_enabled=\u00a0\u00bbon|hover\u00a0\u00bb button_bg_color__hover=\u00a0\u00bbRGBA(255,255,255,0)\u00a0\u00bb button_bg_enable_color__hover=\u00a0\u00bbon\u00a0\u00bb][\/et_pb_button][\/et_pb_column][\/et_pb_row][et_pb_row column_structure=\u00a0\u00bb1_2,1_2&Prime; make_equal=\u00a0\u00bbon\u00a0\u00bb _builder_version=\u00a0\u00bb4.22.2&Prime; _module_preset=\u00a0\u00bbdefault\u00a0\u00bb max_width=\u00a0\u00bb75%\u00a0\u00bb global_colors_info=\u00a0\u00bb{}\u00a0\u00bb][et_pb_column type=\u00a0\u00bb1_2&Prime; _builder_version=\u00a0\u00bb4.22.2&Prime; _module_preset=\u00a0\u00bbdefault\u00a0\u00bb custom_padding=\u00a0\u00bb20px|20px|20px|20px|true|true\u00a0\u00bb border_radii=\u00a0\u00bbon|10px|10px|10px|10px\u00a0\u00bb box_shadow_style=\u00a0\u00bbpreset1&Prime; global_colors_info=\u00a0\u00bb{}\u00a0\u00bb][et_pb_blurb title=\u00a0\u00bbSolutions pour l&apos;infrastructure de recharge\u00a0\u00bb image=\u00a0\u00bbhttps:\/\/e-mobiliteit.lu\/wp-content\/uploads\/2023\/09\/Sce-E-mobiliteit-menu-Tiefgarage.jpg\u00a0\u00bb image_icon_width=\u00a0\u00bb50%\u00a0\u00bb _builder_version=\u00a0\u00bb4.22.2&Prime; _module_preset=\u00a0\u00bbdefault\u00a0\u00bb header_font=\u00a0\u00bbPoppins||||||||\u00a0\u00bb header_text_color=\u00a0\u00bb#278bc2&Prime; header_font_size=\u00a0\u00bb25px\u00a0\u00bb body_font=\u00a0\u00bbPoppins||||||||\u00a0\u00bb body_font_size=\u00a0\u00bb17px\u00a0\u00bb image_icon_custom_margin=\u00a0\u00bb|||0px|false|false\u00a0\u00bb image_icon_custom_margin_tablet=\u00a0\u00bb|||0px|false|false\u00a0\u00bb image_icon_custom_margin_phone=\u00a0\u00bb\u00a0\u00bb image_icon_custom_margin_last_edited=\u00a0\u00bbon|phone\u00a0\u00bb image_icon_custom_padding=\u00a0\u00bb30px||70px||false|false\u00a0\u00bb custom_margin=\u00a0\u00bb|||0px|false|false\u00a0\u00bb global_colors_info=\u00a0\u00bb{}\u00a0\u00bb]<\/p>\n<p>Qu&rsquo;il s&rsquo;agisse d&rsquo;une charge de nuit sur l&#8217;emplacement de stationnement, d&rsquo;une charge de jour sur le lieu de travail ou d&rsquo;une charge rapide DC, nous vous fournissons des stations de charge dans tous les domaines, pour les parkings et les garages souterrains.<\/p>\n<p>[\/et_pb_blurb][et_pb_button button_url=\u00a0\u00bb@ET-DC@eyJkeW5hbWljIjp0cnVlLCJjb250ZW50IjoicG9zdF9saW5rX3VybF9wYWdlIiwic2V0dGluZ3MiOnsicG9zdF9pZCI6IjI0NzIifX0=@\u00a0\u00bb button_text=\u00a0\u00bbEn savoir plus\u00a0\u00bb button_alignment=\u00a0\u00bbright\u00a0\u00bb _builder_version=\u00a0\u00bb4.22.2&Prime; _dynamic_attributes=\u00a0\u00bbbutton_url\u00a0\u00bb _module_preset=\u00a0\u00bbdefault\u00a0\u00bb custom_button=\u00a0\u00bbon\u00a0\u00bb button_text_size=\u00a0\u00bb18px\u00a0\u00bb button_text_color=\u00a0\u00bb#000000&Prime; button_font=\u00a0\u00bbPoppins||||||||\u00a0\u00bb global_colors_info=\u00a0\u00bb{}\u00a0\u00bb button_bg_color__hover_enabled=\u00a0\u00bbon|hover\u00a0\u00bb button_bg_color__hover=\u00a0\u00bbRGBA(255,255,255,0)\u00a0\u00bb button_bg_enable_color__hover=\u00a0\u00bbon\u00a0\u00bb][\/et_pb_button][\/et_pb_column][et_pb_column type=\u00a0\u00bb1_2&Prime; _builder_version=\u00a0\u00bb4.22.2&Prime; _module_preset=\u00a0\u00bbdefault\u00a0\u00bb custom_padding=\u00a0\u00bb20px|20px|20px|20px|true|true\u00a0\u00bb border_radii=\u00a0\u00bbon|10px|10px|10px|10px\u00a0\u00bb box_shadow_style=\u00a0\u00bbpreset1&Prime; global_colors_info=\u00a0\u00bb{}\u00a0\u00bb][et_pb_blurb title=\u00a0\u00bbGestion dynamique de la charge\u00a0\u00bb image=\u00a0\u00bbhttps:\/\/e-mobiliteit.lu\/wp-content\/uploads\/2023\/10\/SCE-Produkt-EVlink-Charging-Expert.jpg\u00a0\u00bb image_icon_width=\u00a0\u00bb40%\u00a0\u00bb icon_alignment=\u00a0\u00bbleft\u00a0\u00bb _builder_version=\u00a0\u00bb4.22.2&Prime; _module_preset=\u00a0\u00bbdefault\u00a0\u00bb header_font=\u00a0\u00bbPoppins||||||||\u00a0\u00bb header_text_color=\u00a0\u00bb#278bc2&Prime; header_font_size=\u00a0\u00bb25px\u00a0\u00bb body_font=\u00a0\u00bbPoppins||||||||\u00a0\u00bb body_font_size=\u00a0\u00bb17px\u00a0\u00bb image_icon_custom_margin=\u00a0\u00bb|||-50px|false|false\u00a0\u00bb image_icon_custom_margin_tablet=\u00a0\u00bb|||0px|false|false\u00a0\u00bb image_icon_custom_margin_phone=\u00a0\u00bb\u00a0\u00bb image_icon_custom_margin_last_edited=\u00a0\u00bbon|phone\u00a0\u00bb image_icon_custom_padding=\u00a0\u00bb||||false|false\u00a0\u00bb custom_margin=\u00a0\u00bb|||0px|false|false\u00a0\u00bb global_colors_info=\u00a0\u00bb{}\u00a0\u00bb]<\/p>\n<p><span>Pour que le courant de charge soit mis \u00e0 disposition en fonction des exigences, vous avez besoin d&rsquo;une gestion dynamique de la charge. Nous avons ce que vous cherchez.<\/span><\/p>\n<p>[\/et_pb_blurb][et_pb_button button_url=\u00a0\u00bb@ET-DC@eyJkeW5hbWljIjp0cnVlLCJjb250ZW50IjoicG9zdF9saW5rX3VybF9wYWdlIiwic2V0dGluZ3MiOnsicG9zdF9pZCI6IjI1MTMifX0=@\u00a0\u00bb button_text=\u00a0\u00bbEn savoir plus\u00a0\u00bb button_alignment=\u00a0\u00bbright\u00a0\u00bb _builder_version=\u00a0\u00bb4.22.2&Prime; _dynamic_attributes=\u00a0\u00bbbutton_url\u00a0\u00bb _module_preset=\u00a0\u00bbdefault\u00a0\u00bb custom_button=\u00a0\u00bbon\u00a0\u00bb button_text_size=\u00a0\u00bb18px\u00a0\u00bb button_text_color=\u00a0\u00bb#000000&Prime; button_font=\u00a0\u00bbPoppins||||||||\u00a0\u00bb global_colors_info=\u00a0\u00bb{}\u00a0\u00bb button_bg_color__hover_enabled=\u00a0\u00bbon|hover\u00a0\u00bb button_bg_color__hover=\u00a0\u00bbRGBA(255,255,255,0)\u00a0\u00bb button_bg_enable_color__hover=\u00a0\u00bbon\u00a0\u00bb][\/et_pb_button][\/et_pb_column][\/et_pb_row][\/et_pb_section]<\/p>\n","protected":false},"excerpt":{"rendered":"<p>Recharge dans un parking souterrainL&rsquo;espace de stationnement devient de plus en plus pr\u00e9cieux. En milieu urbain, le parking souterrain joue un r\u00f4le cl\u00e9. Pour l&rsquo;\u00e9lectromobilit\u00e9 aussi. En effet, les utilisateurs de v\u00e9hicules y laissent leur voiture pendant une longue dur\u00e9e &#8211; un temps id\u00e9al pour recharger la voiture \u00e9lectrique. Un \u00e9l\u00e9ment de diff\u00e9renciation pour les [&hellip;]<\/p>\n","protected":false},"author":3,"featured_media":0,"parent":0,"menu_order":0,"comment_status":"closed","ping_status":"closed","template":"","meta":{"_et_pb_use_builder":"on","_et_pb_old_content":"","_et_gb_content_width":"","footnotes":""},"class_list":["post-2926","page","type-page","status-publish","hentry"],"_links":{"self":[{"href":"https:\/\/e-mobiliteit.lu\/fr\/wp-json\/wp\/v2\/pages\/2926","targetHints":{"allow":["GET"]}}],"collection":[{"href":"https:\/\/e-mobiliteit.lu\/fr\/wp-json\/wp\/v2\/pages"}],"about":[{"href":"https:\/\/e-mobiliteit.lu\/fr\/wp-json\/wp\/v2\/types\/page"}],"author":[{"embeddable":true,"href":"https:\/\/e-mobiliteit.lu\/fr\/wp-json\/wp\/v2\/users\/3"}],"replies":[{"embeddable":true,"href":"https:\/\/e-mobiliteit.lu\/fr\/wp-json\/wp\/v2\/comments?post=2926"}],"version-history":[{"count":8,"href":"https:\/\/e-mobiliteit.lu\/fr\/wp-json\/wp\/v2\/pages\/2926\/revisions"}],"predecessor-version":[{"id":2965,"href":"https:\/\/e-mobiliteit.lu\/fr\/wp-json\/wp\/v2\/pages\/2926\/revisions\/2965"}],"wp:attachment":[{"href":"https:\/\/e-mobiliteit.lu\/fr\/wp-json\/wp\/v2\/media?parent=2926"}],"curies":[{"name":"wp","href":"https:\/\/api.w.org\/{rel}","templated":true}]}}